{"id":29412,"date":"2022-04-05T12:04:13","date_gmt":"2022-04-05T10:04:13","guid":{"rendered":"https:\/\/www.festiterroir.ch\/?page_id=29412"},"modified":"2025-06-13T18:29:10","modified_gmt":"2025-06-13T16:29:10","slug":"festiterroir-2021","status":"publish","type":"page","link":"https:\/\/www.davidprego.ch\/festi\/archives\/festiterroir-2021\/","title":{"rendered":"\u00c9dition 2021"},"content":{"rendered":"\n<div class=\"wp-block-group\"><div class=\"wp-block-group__inner-container is-layout-constrained wp-block-group-is-layout-constrained\">\n<div class=\"wp-block-columns is-layout-flex wp-container-core-columns-is-layout-9d6595d7 wp-block-columns-is-layout-flex\">\n<div class=\"wp-block-column is-layout-flow wp-block-column-is-layout-flow\">\n<div class=\"wp-block-buttons is-content-justification-space-between is-layout-flex wp-container-core-buttons-is-layout-3d213aab wp-block-buttons-is-layout-flex\">\n<div class=\"wp-block-button has-custom-width wp-block-button__width-100 is-style-fill\"><a class=\"wp-block-button__link has-light-green-cyan-background-color has-background has-medium-font-size has-text-align-center has-custom-font-size wp-element-button\" href=\"..\/festiterroir-2024-bilan\/\" style=\"border-radius:0px\"><strong>2024<\/strong><\/a><\/div>\n<\/div>\n<\/div>\n\n\n\n<div class=\"wp-block-column is-layout-flow wp-block-column-is-layout-flow\">\n<div class=\"wp-block-buttons is-content-justification-space-between is-layout-flex wp-container-core-buttons-is-layout-3d213aab wp-block-buttons-is-layout-flex\">\n<div class=\"wp-block-button has-custom-width wp-block-button__width-100\"><a class=\"wp-block-button__link has-light-green-cyan-background-color has-background has-medium-font-size has-custom-font-size wp-element-button\" href=\"..\/festiterroir-2023-bilan\/\" style=\"border-radius:0px\"><strong>2023<\/strong><\/a><\/div>\n<\/div>\n<\/div>\n\n\n\n<div class=\"wp-block-column is-layout-flow wp-block-column-is-layout-flow\">\n<div class=\"wp-block-buttons is-content-justification-space-between is-layout-flex wp-container-core-buttons-is-layout-3d213aab wp-block-buttons-is-layout-flex\">\n<div class=\"wp-block-button has-custom-width wp-block-button__width-100\"><a class=\"wp-block-button__link has-light-green-cyan-background-color has-background has-medium-font-size has-custom-font-size wp-element-button\" href=\"..\/festiterroir-2022-bilan\/\" style=\"border-radius:0px\"><strong>2022<\/strong><\/a><\/div>\n<\/div>\n<\/div>\n<\/div>\n\n\n\n<div class=\"wp-block-columns is-layout-flex wp-container-core-columns-is-layout-9d6595d7 wp-block-columns-is-layout-flex\">\n<div class=\"wp-block-column is-layout-flow wp-block-column-is-layout-flow\">\n<div class=\"wp-block-buttons is-content-justification-space-between is-layout-flex wp-container-core-buttons-is-layout-3d213aab wp-block-buttons-is-layout-flex\">\n<div class=\"wp-block-button has-custom-width wp-block-button__width-100\"><a class=\"wp-block-button__link has-light-green-cyan-background-color has-background has-medium-font-size has-custom-font-size wp-element-button\" href=\"..\/festiterroir-2021\/\" style=\"border-radius:0px\"><strong>2021<\/strong><\/a><\/div>\n<\/div>\n<\/div>\n\n\n\n<div class=\"wp-block-column is-layout-flow wp-block-column-is-layout-flow\">\n<div class=\"wp-block-buttons is-content-justification-space-between is-layout-flex wp-container-core-buttons-is-layout-3d213aab wp-block-buttons-is-layout-flex\">\n<div class=\"wp-block-button has-custom-width wp-block-button__width-100\"><a class=\"wp-block-button__link has-light-green-cyan-background-color has-background has-medium-font-size has-custom-font-size wp-element-button\" href=\"..\/festiterroir-2020\/\" style=\"border-radius:0px\"><strong>2020<\/strong><\/a><\/div>\n<\/div>\n<\/div>\n\n\n\n<div class=\"wp-block-column is-layout-flow wp-block-column-is-layout-flow\">\n<div class=\"wp-block-buttons is-content-justification-space-between is-layout-flex wp-container-core-buttons-is-layout-3d213aab wp-block-buttons-is-layout-flex\">\n<div class=\"wp-block-button has-custom-width wp-block-button__width-100\"><a class=\"wp-block-button__link has-light-green-cyan-background-color has-background has-medium-font-size has-custom-font-size wp-element-button\" href=\"..\/festiterroir-2019\/\" style=\"border-radius:0px\"><strong>2019<\/strong><\/a><\/div>\n<\/div>\n<\/div>\n<\/div>\n<\/div><\/div>\n\n\n\n<p><strong style=\"color: #46d187;\">Festi\u2019Terroir est de retour pour une troisi\u00e8me \u00e9dition au Parc des Bastions!<\/strong><\/p>\n\n\n\n<p>March\u00e9 de producteurs et productrices, artisan-e-s de bouche et vigneron-ne-s au coeur de Gen\u00e8ve, cet \u00e9v\u00e9nement est une occasion unique de rencontrer les acteurs et actrices du terroir genevois. De nombreuses associations en lien avec l\u2019agriculture durable et la consommation responsable seront \u00e9galement pr\u00e9sentes pour parler de leurs activit\u00e9s. Vous aurez l\u2019occasion de venir d\u00e9guster des vins, bi\u00e8res et spiritueux d\u00e8s le vendredi soir \u00e0 17h. Samedi et dimanche un grand march\u00e9 dans l\u2019all\u00e9e centrale du Parc des Bastions vous accueillera. Des animations et concerts itin\u00e9rants sont \u00e9galement pr\u00e9vus.<br><strong>Vendredi 27 Ao\u00fbt \u2014 17h-21h<\/strong><br><strong>Samedi 28 Ao\u00fbt \u2014 10h-22h<\/strong><br><strong>Dimanche 29 Ao\u00fbt \u2014 10h-18h<\/strong><\/p>\n\n\n\n<p>Festi\u2019Terroir, un des grands moments de Gen\u00e8ve, Ville du Go\u00fbt 2021.<\/p>\n\n\n<div class=\"wp-block-image\">\n<figure class=\"aligncenter\"><img loading=\"lazy\" decoding=\"async\" width=\"709\" height=\"1000\" src=\"https:\/\/www.festiterroir.ch\/wp-content\/uploads\/2022\/08\/FT2021_VISUEL.jpg\" alt=\"\" class=\"wp-image-29622\" srcset=\"https:\/\/www.davidprego.ch\/festi\/wp-content\/uploads\/2022\/08\/FT2021_VISUEL.jpg 709w, https:\/\/www.davidprego.ch\/festi\/wp-content\/uploads\/2022\/08\/FT2021_VISUEL-213x300.jpg 213w\" sizes=\"auto, (max-width: 709px) 100vw, 709px\" \/><\/figure><\/div>\n\n\n<div class=\"wp-block-group\"><div class=\"wp-block-group__inner-container is-layout-constrained wp-block-group-is-layout-constrained\">\n<div class=\"wp-block-columns is-layout-flex wp-container-core-columns-is-layout-9d6595d7 wp-block-columns-is-layout-flex\">\n<div class=\"wp-block-column is-layout-flow wp-block-column-is-layout-flow\">\n<div class=\"wp-block-buttons is-content-justification-space-between is-layout-flex wp-container-core-buttons-is-layout-3d213aab wp-block-buttons-is-layout-flex\">\n<div class=\"wp-block-button has-custom-width wp-block-button__width-100\"><a class=\"wp-block-button__link has-light-green-cyan-background-color has-background has-medium-font-size has-custom-font-size wp-element-button\" href=\"..\/ateliers-enfants-2024\/\" style=\"border-radius:0px\"><strong>Ateliers<\/strong><\/a><\/div>\n<\/div>\n<\/div>\n\n\n\n<div class=\"wp-block-column is-layout-flow wp-block-column-is-layout-flow\"><\/div>\n\n\n\n<div class=\"wp-block-column is-layout-flow wp-block-column-is-layout-flow\"><\/div>\n<\/div>\n<\/div><\/div>\n","protected":false},"excerpt":{"rendered":"<p>Festi\u2019Terroir est de retour pour une troisi\u00e8me \u00e9dition au Parc des Bastions! March\u00e9 de producteurs et productrices, artisan-e-s de bouche et vigneron-ne-s au coeur de Gen\u00e8ve, cet \u00e9v\u00e9nement est une occasion unique de rencontrer les acteurs et actrices du terroir genevois. De nombreuses associations en&nbsp;&hellip;<\/p>\n","protected":false},"author":1,"featured_media":0,"parent":30472,"menu_order":17,"comment_status":"closed","ping_status":"closed","template":"","meta":{"_acf_changed":false,"pgc_sgb_lightbox_settings":"","footnotes":""},"class_list":["post-29412","page","type-page","status-publish","hentry"],"acf":[],"_links":{"self":[{"href":"https:\/\/www.davidprego.ch\/festi\/wp-json\/wp\/v2\/pages\/29412","targetHints":{"allow":["GET"]}}],"collection":[{"href":"https:\/\/www.davidprego.ch\/festi\/wp-json\/wp\/v2\/pages"}],"about":[{"href":"https:\/\/www.davidprego.ch\/festi\/wp-json\/wp\/v2\/types\/page"}],"author":[{"embeddable":true,"href":"https:\/\/www.davidprego.ch\/festi\/wp-json\/wp\/v2\/users\/1"}],"replies":[{"embeddable":true,"href":"https:\/\/www.davidprego.ch\/festi\/wp-json\/wp\/v2\/comments?post=29412"}],"version-history":[{"count":14,"href":"https:\/\/www.davidprego.ch\/festi\/wp-json\/wp\/v2\/pages\/29412\/revisions"}],"predecessor-version":[{"id":30665,"href":"https:\/\/www.davidprego.ch\/festi\/wp-json\/wp\/v2\/pages\/29412\/revisions\/30665"}],"up":[{"embeddable":true,"href":"https:\/\/www.davidprego.ch\/festi\/wp-json\/wp\/v2\/pages\/30472"}],"wp:attachment":[{"href":"https:\/\/www.davidprego.ch\/festi\/wp-json\/wp\/v2\/media?parent=29412"}],"curies":[{"name":"wp","href":"https:\/\/api.w.org\/{rel}","templated":true}]}}