{"id":29955,"date":"2024-06-27T21:19:29","date_gmt":"2024-06-27T19:19:29","guid":{"rendered":"https:\/\/www.festiterroir.ch\/?page_id=29955"},"modified":"2025-07-02T09:20:39","modified_gmt":"2025-07-02T07:20:39","slug":"participants24","status":"publish","type":"page","link":"https:\/\/www.davidprego.ch\/festi\/participants24\/","title":{"rendered":"Participant\u00b7e\u00b7s"},"content":{"rendered":"\n<div class=\"custom-css-block\"><style>.aagb_accordion_1df99ffe_1 {   }<\/style><\/div><style>\n        .aagb_accordion_1df99ffe_1 .aagb__accordion_active .aagb__accordion_body {\n          border-top: 1px solid #ebebeb;\n        }\n      \n          .aagb_accordion_1df99ffe_1 .aagb__accordion_container {\n            transition-duration: 0ms !important;\n            outline: 2px solid #00000000;\n          }\n          .aagb_accordion_1df99ffe_1 .aagb__accordion_container:focus-visible {\n            outline: 2px solid #C2DBFE;\n          }\n        <\/style><div class=\"wp-block-aab-group-accordion searchable aagb_accordion_1df99ffe_1 click false\" id=\"group-accordion-1df99ffe_1\">\n<div class=\"wp-block-aab-accordion-item aagb__accordion_container panel  aagb__accordion_active\" tabindex=\"0\" style=\"border:1px solid #bcb6b638;border-radius:[object Object]px;margin-top:0px;margin-bottom:15px\"><div class=\"aagb__accordion_head aab_right_icon  aagb__accordion_active\" data-active=\"true\" style=\"border-radius:[object Object]px [object Object]px 0 0;background-color:#bcb6b638;border-top:none;border-right:none;border-bottom:none;border-left:none\"><div class=\"aagb__accordion_heading aab_right_icon aagb_right_link\"><div class=\"head_content_wrapper\"><div class=\"title_wrapper\"><h5 class=\"aagb__accordion_title\" style=\"margin:0\">Participant\u00b7e\u00b7s 2025<\/h5><\/div><p class=\"aagb__accordion_subheading\" placeholder=\"\" style=\"margin:5px 0 0 0\"><\/p><\/div><\/div><div class=\"aagb__accordion_icon\"><div class=\"aagb__icon_dashicons_box\"><span class=\"aagb__icon dashicons dashicons-minus\" style=\"font-size:23px\"><\/span><\/div><\/div><\/div><div class=\"aagb__accordion_body aagb__accordion_body--show  \" role=\"region\" style=\"border-radius:0 0 [object Object]px [object Object]px;background-color:[object Object];border-top:1px solid #bcb6b638;border-right:none;border-bottom:none;border-left:none\"><div class=\"aagb__accordion_component \">\n<div class=\"wp-block-columns is-layout-flex wp-container-core-columns-is-layout-9d6595d7 wp-block-columns-is-layout-flex\">\n<div class=\"wp-block-column is-layout-flow wp-block-column-is-layout-flow\">\n<p class=\"has-vivid-green-cyan-color has-text-color has-link-color wp-elements-6a47e26700935c8c88270e606b8926ac\"><strong>Producteurs et productrices<\/strong><\/p>\n\n\n\n<p><a href=\"http:\/\/www.1001herbes.ch\/\" target=\"_blank\" rel=\"noreferrer noopener\">1001 Herbes<\/a> (bio)<br><a href=\"https:\/\/domainedelabbaye.ch\/\" target=\"_blank\" rel=\"noreferrer noopener\">Domaine de l\u2019Abbaye<\/a> (bio)<br><a href=\"https:\/\/www.cave-des-oulaines.ch\/\" target=\"_blank\" rel=\"noreferrer noopener\">Cave des Oulaines<\/a><br><a href=\"https:\/\/www.champignons-cartigny.ch\/\" data-type=\"link\" data-id=\"https:\/\/www.champignons-cartigny.ch\/\" target=\"_blank\" rel=\"noreferrer noopener\">Les Champignons de Cartigny<\/a><br><a href=\"http:\/\/www.chevrerie.ch\/\" target=\"_blank\" rel=\"noreferrer noopener\">La Ch\u00e8vrerie Champ Courbe<\/a><br><a href=\"https:\/\/cultureslocales.ch\/\" target=\"_blank\" rel=\"noreferrer noopener\">Cultures Locales<\/a> (bio)<br><a href=\"https:\/\/www.touviere.ch\/\" target=\"_blank\" rel=\"noreferrer noopener\">La Ferme biologique de la Touvi\u00e8re<\/a> (bio)<br><a href=\"https:\/\/fermedebernex.ch\/\" target=\"_blank\" rel=\"noreferrer noopener\">La Ferme de Bernex<\/a><br><a href=\"https:\/\/www.ferme-de-bude.ch\/\" target=\"_blank\" rel=\"noreferrer noopener\">La Ferme de Bud\u00e9<\/a> (bio)<br><a href=\"https:\/\/lafermedufonddeletang.ch\/\" target=\"_blank\" rel=\"noreferrer noopener\">La Ferme du Fond de l\u2019Etang<\/a><br><a href=\"http:\/\/www.lafermedumonniati.ch\/\" target=\"_blank\" rel=\"noreferrer noopener\">La Ferme du Monniati<\/a> (bio)<br><a href=\"https:\/\/ferme-du-lignon.ch\/\">La Ferme du <\/a><a href=\"https:\/\/ferme-du-lignon.ch\/\" target=\"_blank\" rel=\"noreferrer noopener\">Lignon<\/a><br><a href=\"https:\/\/www.lafermedusonneur.ch\/\" target=\"_blank\" rel=\"noreferrer noopener\">La Ferme du Sonneur<\/a> (bio)<br><a href=\"https:\/\/www.fermedesvergers.ch\/\" target=\"_blank\" rel=\"noreferrer noopener\">La Ferme des Vergers<\/a> (bio)<br><a href=\"https:\/\/www.espace-terroir.ch\/pages\/qui_sommes_nous\">Les Jardins de Charrot<\/a> (bio)<br><a href=\"http:\/\/www.cocagne.ch\/\" target=\"_blank\" rel=\"noreferrer noopener\">Les Jardins de Cocagne<\/a> (bio)<br><a href=\"https:\/\/joussonfleurs.ch\/\" target=\"_blank\" rel=\"noreferrer noopener\">Jousson Fleurs<\/a> (bio)<br><a href=\"https:\/\/ortie-microferme.ch\/\" target=\"_blank\" rel=\"noreferrer noopener\">Microferme de l\u2019Ortie<\/a><br><a href=\"https:\/\/www.mielsdestephanie.ch\/\">Les miels de St\u00e9phanie&nbsp;<\/a> (bio)<br><a href=\"https:\/\/pepinieresgenevoises.ch\/\" target=\"_blank\" rel=\"noreferrer noopener\">P\u00e9pini\u00e8res Genevoises<\/a> (bio)<br><a href=\"http:\/\/www.leroussillon.ch\/\" target=\"_blank\" rel=\"noreferrer noopener\">Roussillon Fleurs<\/a> (bio)<br><a href=\"https:\/\/www.instagram.com\/schulzciril\/\" target=\"_blank\" rel=\"noreferrer noopener\">Tout est merveille dans l\u2019Abeille<\/a><br><a href=\"https:\/\/umg.ch\/\" target=\"_blank\" rel=\"noreferrer noopener\">L\u2019Union Maraich\u00e8re de Gen\u00e8ve \u2013 UMG<\/a> (bio et PER)<br><\/p>\n\n\n\n<p class=\"has-vivid-green-cyan-color has-text-color has-link-color wp-elements-fce06c18bafa7fd9ebb555ad9daf25a3\"><strong>Brasseries et distillerie<\/strong><\/p>\n\n\n\n<p><a href=\"https:\/\/abig.beer\/membres\/\" target=\"_blank\" rel=\"noreferrer noopener\">ABIG \u2013 Association des Brasseries Ind\u00e9pendantes de Gen\u00e8ve<\/a><br><a href=\"https:\/\/www.agneauatroispattes.ch\/\" target=\"_blank\" rel=\"noreferrer noopener\">Brasserie Associative de L\u2019Agneau \u00e0 Trois Pattes<\/a><br><a href=\"https:\/\/www.instagram.com\/brasserielesbarbus\/\" target=\"_blank\" rel=\"noreferrer noopener\">Brasserie Les Barbus<\/a><br><a href=\"https:\/\/brasseriedumat.mycommerce.shop\/\" target=\"_blank\" rel=\"noreferrer noopener\">Brasserie du M\u00e2t<\/a><br><a href=\"https:\/\/www.perejakob.ch\/\" target=\"_blank\" rel=\"noreferrer noopener\">Brasserie du P\u00e8re Jakob<\/a><br><a href=\"https:\/\/www.lapiece.ch\/\" target=\"_blank\" rel=\"noreferrer noopener\">Brasserie de la Pi\u00e8ce<\/a><br><a href=\"https:\/\/brasserielasource.ch\/\" target=\"_blank\" rel=\"noreferrer noopener\">Brasserie La Source<\/a><br><a href=\"https:\/\/virage.beer\/\" target=\"_blank\" rel=\"noreferrer noopener\">Brasserie du Virage<\/a><br><a href=\"https:\/\/modbeers.com\/\" target=\"_blank\" rel=\"noreferrer noopener\">Modbeers<\/a><br><a href=\"http:\/\/www.eaudevie.ch\/\" target=\"_blank\" rel=\"noreferrer noopener\">Distillerie de Saconnex d\u2019Arve<\/a><\/p>\n\n\n\n<p class=\"has-vivid-green-cyan-color has-text-color has-link-color wp-elements-bc24e474327646cbdbd3e04909ae7d73\"><strong><strong><strong>Domaines et Caves<\/strong><\/strong><\/strong><\/p>\n\n\n\n<p><br><a href=\"http:\/\/www.bonnettes.ch\/\" target=\"_blank\" rel=\"noreferrer noopener\">Domaine des Bonnettes<\/a><br><a href=\"https:\/\/www.cavedegeneve.ch\/\" target=\"_blank\" rel=\"noreferrer noopener\">La Cave de Gen\u00e8ve<\/a><br><a href=\"https:\/\/closduchateau.ch\/\" target=\"_blank\" rel=\"noreferrer noopener\">Clos du Ch\u00e2teau<\/a> (bio)<br><a href=\"https:\/\/www.chateauleveque.ch\/\" target=\"_blank\" rel=\"noreferrer noopener\">Domaine Ch\u00e2teau L\u2019Ev\u00eaque<\/a> (bio)<br><a href=\"http:\/\/www.la-deviniere.ch\/\" target=\"_blank\" rel=\"noreferrer noopener\">Domaine de la Devini\u00e8re<\/a> (bio)<br><a href=\"http:\/\/www.domaine-dugerdil.ch\/\" target=\"_blank\" rel=\"noreferrer noopener\">Domaine Dugerdil Dardagny<\/a> (bio)<br><a href=\"https:\/\/maisonforte.ch\/\" data-type=\"link\" data-id=\"https:\/\/maisonforte.ch\/\" target=\"_blank\" rel=\"noreferrer noopener\">La Maison Forte<\/a><br><a href=\"https:\/\/www.lagara.ch\/fr\/les-vins\" data-type=\"link\" data-id=\"https:\/\/www.lagara.ch\/fr\/les-vins\">La Gara<\/a> (bio)<br><a href=\"http:\/\/www.domaineleshutins.ch\/\" target=\"_blank\" rel=\"noreferrer noopener\">Domaine Les Hutins<\/a> (bio)<br><a href=\"https:\/\/www.mermiere.ch\/\" target=\"_blank\" rel=\"noreferrer noopener\">Domaine de la Mermi\u00e8re<\/a> (bio)<br><a href=\"https:\/\/www.cave-des-oulaines.ch\/\" target=\"_blank\" rel=\"noreferrer noopener\">Cave <\/a><a href=\"https:\/\/www.cave-des-oulaines.ch\/\" target=\"_blank\" rel=\"noreferrer noopener\">des Oulaines<\/a><br><a href=\"http:\/\/laprintaniere.ch\/\" target=\"_blank\" rel=\"noreferrer noopener\">Domaine de la Printani\u00e8re<\/a> (bio)<br><\/p>\n\n\n\n<p class=\"has-vivid-green-cyan-color has-text-color has-link-color wp-elements-0e09fb57c26e7e3a40f847a46b271099\"><strong>Musique et animations pour enfants<\/strong><\/p>\n\n\n\n<p><a href=\"http:\/\/cheptelrecords.com\/\" target=\"_blank\" rel=\"noreferrer noopener\">Cheptel Records<\/a><br>Rosa \u00e0 cheval<\/p>\n<\/div>\n\n\n\n<div class=\"wp-block-column is-layout-flow wp-block-column-is-layout-flow\">\n<p><strong style=\"white-space: normal; color: rgb(0, 204, 153);\">Transformateurs et transformatrices<\/strong><\/p>\n\n\n\n<p><a href=\"https:\/\/aloy.ch\/\" target=\"_blank\" rel=\"noreferrer noopener\">Les Sirops Aloy<\/a><br><a href=\"https:\/\/hydromel.ch\/\">BeeoMetry<\/a><br><a href=\"https:\/\/boulangerie-de-peney.business.site\/?utm_source=gmb&amp;utm_medium=referral\" target=\"_blank\" rel=\"noreferrer noopener\">Boulangerie de Peney<\/a><br><a href=\"https:\/\/www.la-genevoise.ch\/\" target=\"_blank\" rel=\"noreferrer noopener\">La Genevoise du Terroir<\/a><br>Ginger Fruits<br><a href=\"https:\/\/www.isko.ch\/\" target=\"_blank\" rel=\"noreferrer noopener\">ISKO<\/a><br><a href=\"https:\/\/lrgg.ch\/\" target=\"_blank\" rel=\"noreferrer noopener\">Laiteries R\u00e9unies: Panier d\u2019ici<\/a><br><a href=\"https:\/\/www.pauseglace.com\/\" target=\"_blank\" rel=\"noreferrer noopener\">Pause Glace<\/a><br><br><strong style=\"white-space: normal; color: rgb(0, 204, 153);\">Epiceries<\/strong><\/p>\n\n\n\n<p><a href=\"https:\/\/lenid.ch\/\" target=\"_blank\" rel=\"noreferrer noopener\">Le Nid, \u00e9picerie coop\u00e9rative<\/a><br><a href=\"http:\/\/arcade-bio.ch\/\" target=\"_blank\" rel=\"noreferrer noopener\">L\u2019Arcade, \u00e9picerie local bio<\/a><br><a href=\"https:\/\/www.espace-terroir.ch\/newshop\" target=\"_blank\" rel=\"noreferrer noopener\">Espace-Terroir<\/a><\/p>\n\n\n\n<p class=\"has-vivid-green-cyan-color has-text-color has-link-color wp-elements-b0833ad850c7908e41ed672fc6b0ef9a\"><strong>Restaurateurs et restauratrices<\/strong><\/p>\n\n\n\n<p><a href=\"https:\/\/umg.ch\/cote-jardin\/le-food-truck\/\" target=\"_blank\" rel=\"noreferrer noopener\">C\u00f4t\u00e9 Jardin<\/a>, FoodTruck de l\u2019UMG<br><a href=\"https:\/\/daydokoro.ch\/\" data-type=\"link\" data-id=\"https:\/\/daydokoro.ch\/\" target=\"_blank\" rel=\"noreferrer noopener\">Daydokoro<\/a><br>Factory Events<br><a href=\"http:\/\/lefix.ch\/le-cafe-mobile\/\" target=\"_blank\" rel=\"noreferrer noopener\">Le Fix Caf\u00e9 mobile<\/a><br><a href=\"https:\/\/www.gemusekebab.ch\/\" target=\"_blank\" rel=\"noreferrer noopener\">Gem\u00fcse Kebab<\/a><br><a href=\"https:\/\/konoi.ch\/\" target=\"_blank\" rel=\"noreferrer noopener\">Maison Kono\u00ef<\/a><br><a href=\"https:\/\/meaty.ch\/\" target=\"_blank\" rel=\"noreferrer noopener\">Meaty\u2014 Viande genevoise<\/a><br><a href=\"https:\/\/www.nonnamary.ch\/\" target=\"_blank\" rel=\"noreferrer noopener\">Nonna Mary<\/a><br>Les Raclures<br><a href=\"https:\/\/www.unrdefamille.ch\/\" target=\"_blank\" rel=\"noreferrer noopener\">Un R de Famille<\/a><br><a href=\"https:\/\/lunique-livraison.ch\/\" data-type=\"link\" data-id=\"https:\/\/lunique-livraison.ch\/\" target=\"_blank\" rel=\"noreferrer noopener\">L\u2019unique<\/a><br>Le Vezza Croustillant &amp; <a href=\"https:\/\/levain.ch\/\" data-type=\"link\" data-id=\"https:\/\/levain.ch\/\" target=\"_blank\" rel=\"noreferrer noopener\">levain.ch<\/a><\/p>\n\n\n\n<p class=\"has-vivid-green-cyan-color has-text-color has-link-color wp-elements-8c606e6aa8e7382b4c988f5415d41a49\"><strong>Associations, fondations, institutions, et entreprises en lien avec l\u2019alimentation durable<\/strong><\/p>\n\n\n\n<p><a href=\"https:\/\/archedesabeilles.ch\/fondation\/\" target=\"_blank\" rel=\"noreferrer noopener\">Fondation Arches des Abeilles<\/a><br><a href=\"https:\/\/agpg-gout.ch\/\">AGPG <\/a>\u2013 Association Genevoise pour la Promotion du Go\u00fbt<br><a href=\"https:\/\/www.biogeneve.ch\/\" target=\"_blank\" rel=\"noreferrer noopener\">BioGen\u00e8ve<\/a>, association des productrices et producteurs bio genevois<br><a href=\"https:\/\/calim-ge.ch\/\" data-type=\"link\" data-id=\"https:\/\/calim-ge.ch\/\" target=\"_blank\" rel=\"noreferrer noopener\">Calim<\/a> \u2014 La Caisse genevoise de l\u2019alimentation<br><a href=\"https:\/\/diabete-geneve.ch\/\" target=\"_blank\" rel=\"noreferrer noopener\">Diab\u00e8te Gen\u00e8ve<\/a><br><a href=\"https:\/\/www.frc.ch\/\" target=\"_blank\" rel=\"noreferrer noopener\">frc<\/a> \u2013 F\u00e9d\u00e9ration romande des consommateurs<br><a href=\"https:\/\/www.gebana.com\/fr\/\" target=\"_blank\" rel=\"noreferrer noopener\">gebana<\/a> \u2013 March\u00e9 paysan mondial<br><a href=\"https:\/\/www.genevecultive.ch\/\" target=\"_blank\" rel=\"noreferrer noopener\">Gen\u00e8ve Cultive<\/a><br><a href=\"https:\/\/www.hesge.ch\/hepia\/bachelor\/agronomie\">HEPIA \u2013 Haute \u00e9cole du paysage, d\u2019ing\u00e9nierie et d\u2019architecture de Gen\u00e8ve, Fili\u00e8re agronomie<\/a><br><a href=\"https:\/\/ma-terre.ch\/\" target=\"_blank\" rel=\"noreferrer noopener\">ma-terre<\/a> \/ La Maison de l\u2019Alimentation du Territoire de Gen\u00e8ve<br><a href=\"https:\/\/mapc-ge.ch\/\" data-type=\"link\" data-id=\"https:\/\/mapc-ge.ch\/\" target=\"_blank\" rel=\"noreferrer noopener\">MAPC<\/a>\u2013Mouvement pour une agriculture paysanne et citoyenne<br><a href=\"https:\/\/www.ge.ch\/organisation\/office-cantonal-agriculture-nature-ocan\" target=\"_blank\" rel=\"noreferrer noopener\">Office cantonal de l\u2019agriculture et de la nature \u2014 Service de l\u2019agronomie<\/a><br><a href=\"https:\/\/www.swissfairtrade.ch\/fr\/\" target=\"_blank\" rel=\"noreferrer noopener\">Swiss Fair Trade<\/a><br><a href=\"https:\/\/www.swissfoodacademy.ch\/\" target=\"_blank\" rel=\"noreferrer noopener\">Swiss Food Academy<\/a><br><a href=\"https:\/\/www.terrenature.ch\/\">Terre&amp;Nature<\/a><br><a href=\"https:\/\/www.lancy.ch\/\" target=\"_blank\" rel=\"noreferrer noopener\">Ville de Lancy<\/a><br><a href=\"https:\/\/meyrin.ch\/fr\" data-type=\"link\" data-id=\"https:\/\/meyrin.ch\/fr\" target=\"_blank\" rel=\"noreferrer noopener\">Ville de Meyrin<\/a><br><a href=\"https:\/\/www.fruits-vaud-geneve.ch\/qui-sommes-nous\" data-type=\"link\" data-id=\"https:\/\/www.fruits-vaud-geneve.ch\/qui-sommes-nous\" target=\"_blank\" rel=\"noreferrer noopener\">Union fruiti\u00e8re L\u00e9manique<\/a><br><a href=\"https:\/\/zerowasteswitzerland.ch\/fr\/\">ZeroWaste Gen\u00e8ve<\/a><\/p>\n<\/div>\n<\/div>\n<\/div><\/div><\/div>\n\n\n\n<div class=\"wp-block-aab-accordion-item aagb__accordion_container panel\" tabindex=\"0\" style=\"border:1px solid #bcb6b638;border-radius:[object Object]px;margin-top:0px;margin-bottom:15px\"><div class=\"aagb__accordion_head aab_right_icon  \" data-active=\"false\" style=\"border-radius:[object Object]px [object Object]px 0 0;background-color:#bcb6b638;border-top:none;border-right:none;border-bottom:none;border-left:none\"><div class=\"aagb__accordion_heading aab_right_icon aagb_right_link\"><div class=\"head_content_wrapper\"><div class=\"title_wrapper\"><h5 class=\"aagb__accordion_title\" style=\"margin:0\">Participant\u00b7e\u00b7s 2024<\/h5><\/div><p class=\"aagb__accordion_subheading\" placeholder=\"\" style=\"margin:5px 0 0 0\"><\/p><\/div><\/div><div class=\"aagb__accordion_icon\"><div class=\"aagb__icon_dashicons_box\"><span class=\"aagb__icon dashicons dashicons-plus-alt2\" style=\"font-size:23px\"><\/span><\/div><\/div><\/div><div class=\"aagb__accordion_body   \" role=\"region\" style=\"border-radius:0 0 [object Object]px [object Object]px;background-color:[object Object];border-top:1px solid #bcb6b638;border-right:none;border-bottom:none;border-left:none\"><div class=\"aagb__accordion_component \">\n<div class=\"wp-block-columns is-layout-flex wp-container-core-columns-is-layout-9d6595d7 wp-block-columns-is-layout-flex\">\n<div class=\"wp-block-column is-layout-flow wp-block-column-is-layout-flow\">\n<p class=\"has-vivid-green-cyan-color has-text-color has-link-color wp-elements-6a47e26700935c8c88270e606b8926ac\"><strong>Producteurs et productrices<\/strong><\/p>\n\n\n\n<p><a href=\"http:\/\/www.1001herbes.ch\/\" target=\"_blank\" rel=\"noreferrer noopener\">1001 Herbes<\/a> (bio)<br><a href=\"https:\/\/domainedelabbaye.ch\/\" target=\"_blank\" rel=\"noreferrer noopener\">Domaine de l\u2019Abbaye<\/a> (bio)<br><a href=\"http:\/\/www.chevrerie.ch\/\" target=\"_blank\" rel=\"noreferrer noopener\">Ch\u00e8vrerie Champ Courbe<\/a><br><a href=\"https:\/\/www.espace-terroir.ch\/pages\/qui_sommes_nous\">Les Jardins de Charrot<\/a> (bio)<br><a href=\"http:\/\/www.cocagne.ch\/\" target=\"_blank\" rel=\"noreferrer noopener\">Les Jardins de Cocagne<\/a> (bio)<br><a href=\"https:\/\/www.espace-terroir.ch\/newshop\" target=\"_blank\" rel=\"noreferrer noopener\">Espace-Terroir<\/a> (bio)<br><a href=\"https:\/\/www.mielsdestephanie.ch\/\">Les miels de St\u00e9phanie&nbsp;<\/a> (bio)<br><a href=\"http:\/\/www.lafermedumonniati.ch\/\" target=\"_blank\" rel=\"noreferrer noopener\">La ferme du Monniati<\/a> (bio)<br><a href=\"https:\/\/www.cave-des-oulaines.ch\/\" target=\"_blank\" rel=\"noreferrer noopener\">Cave et domaine des Oulaines<\/a><br><a href=\"https:\/\/ochampspaysans.fr\/la-ferme-de-nin-nin\/\">La ferme du Nin-Nin<\/a><br><a href=\"https:\/\/pepinieresgenevoises.ch\/\" target=\"_blank\" rel=\"noreferrer noopener\">P\u00e9pini\u00e8res Genevoises<\/a> (bio)<br><a href=\"http:\/\/www.leroussillon.ch\/\" target=\"_blank\" rel=\"noreferrer noopener\">Roussillon Fleurs<\/a> (bio)<br><a href=\"https:\/\/www.touviere.ch\/\" target=\"_blank\" rel=\"noreferrer noopener\">La Ferme biologique de la Touvi\u00e8re<\/a> (bio)<br><a href=\"https:\/\/umg.ch\/\" target=\"_blank\" rel=\"noreferrer noopener\">Union Maraich\u00e8re de Gen\u00e8ve \u2013 UMG<\/a> (bio et PER)<br><a href=\"https:\/\/www.fermedesvergers.ch\/\" target=\"_blank\" rel=\"noreferrer noopener\">Ferme des Vergers<\/a> (bio)<\/p>\n\n\n\n<p class=\"has-vivid-green-cyan-color has-text-color has-link-color wp-elements-37c2d7e975b338ea8ddea5c1226a96e8\"><strong>Vigneron\u00b7ne\u00b7s, brasseries et distillerie<\/strong><\/p>\n\n\n\n<p><a href=\"https:\/\/abig.beer\/membres\/\" target=\"_blank\" rel=\"noreferrer noopener\">ABIG \u2013 Association des Brasseries Ind\u00e9pendantes de Gen\u00e8ve<\/a><br><a href=\"https:\/\/www.agneauatroispattes.ch\/\" target=\"_blank\" rel=\"noreferrer noopener\">Brasserie Associative de L\u2019Agneau \u00e0 Trois Pattes<\/a><br><a href=\"https:\/\/www.instagram.com\/brasserielesbarbus\/\" target=\"_blank\" rel=\"noreferrer noopener\">Brasserie Les Barbus<\/a><br><a href=\"https:\/\/brasseriedumat.mycommerce.shop\/\" target=\"_blank\" rel=\"noreferrer noopener\">Brasserie du M\u00e2t<\/a><br><a href=\"https:\/\/www.perejakob.ch\/\" target=\"_blank\" rel=\"noreferrer noopener\">Brasserie du P\u00e8re Jakob<\/a><br><a href=\"https:\/\/www.lapiece.ch\/\" target=\"_blank\" rel=\"noreferrer noopener\">Brasserie de la Pi\u00e8ce<\/a><br><a href=\"https:\/\/brasserielasource.ch\/\" target=\"_blank\" rel=\"noreferrer noopener\">Brasserie La Source<\/a><br><a href=\"https:\/\/virage.beer\/\" target=\"_blank\" rel=\"noreferrer noopener\">Brasserie du Virage<\/a><br><a href=\"http:\/\/www.bonnettes.ch\/\" target=\"_blank\" rel=\"noreferrer noopener\">Domaine des Bonnettes<\/a><br><a href=\"https:\/\/champvigny.ch\/\" target=\"_blank\" rel=\"noreferrer noopener\">Domaine de Champvigny<\/a> (bio)<br><a href=\"https:\/\/www.cavedegeneve.ch\/\" target=\"_blank\" rel=\"noreferrer noopener\">La Cave de Gen\u00e8ve<\/a><br><a href=\"https:\/\/www.le-clos-de-celigny.ch\/\" target=\"_blank\" rel=\"noreferrer noopener\">Le Clos de C\u00e9ligny<\/a> (bio)<br><a href=\"https:\/\/closduchateau.ch\/\" target=\"_blank\" rel=\"noreferrer noopener\">Clos du Ch\u00e2teau<\/a> (bio)<br><a href=\"https:\/\/www.cave-ecarlat.vin\/Cave_de_lEcarlat\/Bienvenue.html\" target=\"_blank\" rel=\"noreferrer noopener\">Cave de l\u2019Ecarlat <\/a>(bio)<br><a href=\"https:\/\/www.chateauleveque.ch\/\" target=\"_blank\" rel=\"noreferrer noopener\">Ch\u00e2teau L\u2019Ev\u00eaque<\/a> (bio)<br><a href=\"https:\/\/chateaudelaconnex.ch\/\" target=\"_blank\" rel=\"noreferrer noopener\">Ch\u00e2teau de Laconnex<\/a><br><a href=\"http:\/\/www.la-deviniere.ch\/\" target=\"_blank\" rel=\"noreferrer noopener\">Domaine de la Devini\u00e8re<\/a> (bio)<br><a href=\"http:\/\/www.domaine-dugerdil.ch\/\" target=\"_blank\" rel=\"noreferrer noopener\">Domaine Dugerdil Dardagny<\/a> (bio)<br><a href=\"http:\/\/www.domaineleshutins.ch\/\" target=\"_blank\" rel=\"noreferrer noopener\">Domaine Les Hutins<\/a> (bio)<br><a href=\"https:\/\/lolliets.ch\/\" target=\"_blank\" rel=\"noreferrer noopener\">Domaine des Lolliets<\/a><br><a href=\"https:\/\/www.mermiere.ch\/\" target=\"_blank\" rel=\"noreferrer noopener\">Domaine de la Mermi\u00e8re<\/a> (bio)<br><a href=\"https:\/\/www.cave-des-oulaines.ch\/\" target=\"_blank\" rel=\"noreferrer noopener\">Cave et domaine<\/a><br><a href=\"https:\/\/www.cave-des-oulaines.ch\/\" target=\"_blank\" rel=\"noreferrer noopener\">des Oulaines<\/a><br><a href=\"https:\/\/maisonforte.ch\/vignoble-la-pierre-aux-dames-2\/\" target=\"_blank\" rel=\"noreferrer noopener\">Domaine de la Pierre-aux-Dames<\/a> (bio)<br><a href=\"http:\/\/laprintaniere.ch\/\" target=\"_blank\" rel=\"noreferrer noopener\">Domaine de la Printani\u00e8re<\/a> (bio)<br><a href=\"http:\/\/www.eaudevie.ch\/\" target=\"_blank\" rel=\"noreferrer noopener\">Distillerie de Saconnex d\u2019Arve<\/a><\/p>\n\n\n\n<p class=\"has-vivid-green-cyan-color has-text-color has-link-color wp-elements-0e09fb57c26e7e3a40f847a46b271099\"><strong>Musique et animations pour enfants<\/strong><\/p>\n\n\n\n<p><a href=\"http:\/\/cheptelrecords.com\/\" target=\"_blank\" rel=\"noreferrer noopener\">Cheptel Records<\/a><br>Rosa \u00e0 cheval<\/p>\n<\/div>\n\n\n\n<div class=\"wp-block-column is-layout-flow wp-block-column-is-layout-flow\">\n<p><strong style=\"white-space: normal; color: rgb(0, 204, 153);\">Transformateurs et transformatrices<\/strong><br><strong style=\"white-space: normal; color: rgb(0, 204, 153);\">Epiceries<\/strong><\/p>\n\n\n\n<p><a href=\"https:\/\/aloy.ch\/\" target=\"_blank\" rel=\"noreferrer noopener\">Les Sirops Aloy<\/a><br><a href=\"https:\/\/hydromel.ch\/\">BeeoMetry<\/a><br><a href=\"https:\/\/boulangerie-de-peney.business.site\/?utm_source=gmb&amp;utm_medium=referral\" target=\"_blank\" rel=\"noreferrer noopener\">Boulangerie de Peney<\/a><br>Le Cri de la Carotte, conserverie genevoise<br><a href=\"https:\/\/epimobile.ch\/\" target=\"_blank\" rel=\"noreferrer noopener\">EpiMobile<\/a><br><a href=\"https:\/\/www.la-genevoise.ch\/\" target=\"_blank\" rel=\"noreferrer noopener\">La Genevoise du Terroir<\/a><br>Ginger Fruit<br><a href=\"https:\/\/fiordipasta.ch\/\" target=\"_blank\" rel=\"noreferrer noopener\">Fior di Pasta<\/a><br>Fromagerie des Vergers<br><a href=\"https:\/\/www.isko.ch\/\" target=\"_blank\" rel=\"noreferrer noopener\">ISKO<\/a> (bio)<br><a href=\"https:\/\/karibou.ch\/\">karibou.ch<\/a><br><a href=\"https:\/\/lrgg.ch\/\" target=\"_blank\" rel=\"noreferrer noopener\">Laiteries R\u00e9unies: Panier d\u2019ici<\/a><br><a href=\"https:\/\/www.hautsdecorsinge.ch\/moulin-agriculture-bio\" target=\"_blank\" rel=\"noreferrer noopener\">Mon Moulin des Murailles<\/a><br><a href=\"https:\/\/lenid.ch\/\" target=\"_blank\" rel=\"noreferrer noopener\">Le Nid, \u00e9picerie coop\u00e9rative<\/a><br><a href=\"http:\/\/arcade-bio.ch\/\" target=\"_blank\" rel=\"noreferrer noopener\">L\u2019Arcade, \u00e9picerie local bio<\/a><br><a href=\"https:\/\/www.espace-terroir.ch\/newshop\" target=\"_blank\" rel=\"noreferrer noopener\">Espace-Terroir<\/a><br><a href=\"https:\/\/lepaindujardin.ch\/\" target=\"_blank\" rel=\"noreferrer noopener\">Le Pain du Jardin<\/a><br><a href=\"https:\/\/www.pauseglace.com\/\" target=\"_blank\" rel=\"noreferrer noopener\">Pause Glace<\/a><\/p>\n\n\n\n<p class=\"has-vivid-green-cyan-color has-text-color has-link-color wp-elements-b0833ad850c7908e41ed672fc6b0ef9a\"><strong>Restaurateurs et restauratrices<\/strong><\/p>\n\n\n\n<p><a href=\"https:\/\/www.facebook.com\/baoti.forbunlovers\/\" target=\"_blank\" rel=\"noreferrer noopener\">Baoti<\/a><br><a href=\"https:\/\/umg.ch\/cote-jardin\/le-food-truck\/\" target=\"_blank\" rel=\"noreferrer noopener\">C\u00f4t\u00e9 Jardin, le FoodTruck de l\u2019UMG<\/a><br><a href=\"http:\/\/lefix.ch\/le-cafe-mobile\/\" target=\"_blank\" rel=\"noreferrer noopener\">Le Fix Caf\u00e9 mobile<\/a><br><a href=\"https:\/\/www.gemusekebab.ch\/\" target=\"_blank\" rel=\"noreferrer noopener\">Alles gut \u2013 Gem\u00fcse Kebab<\/a><br><a href=\"https:\/\/konoi.ch\/\" target=\"_blank\" rel=\"noreferrer noopener\">Kono\u00ef<\/a><br><a href=\"https:\/\/meaty.ch\/\" target=\"_blank\" rel=\"noreferrer noopener\">Meaty\u2014 Viande genevoise<\/a><br><a href=\"https:\/\/www.nonnamary.ch\/\" target=\"_blank\" rel=\"noreferrer noopener\">Nonna Mary<\/a><br>Les Raclures<br><a href=\"https:\/\/www.unrdefamille.ch\/\" target=\"_blank\" rel=\"noreferrer noopener\">Un R de Famille<\/a><br>Le Vezza Croustillant<\/p>\n\n\n\n<p class=\"has-vivid-green-cyan-color has-text-color has-link-color wp-elements-8c606e6aa8e7382b4c988f5415d41a49\"><strong>Associations, fondations, institutions, et entreprises en lien avec l\u2019alimentation durable<\/strong><\/p>\n\n\n\n<p><a href=\"https:\/\/archedesabeilles.ch\/fondation\/\" target=\"_blank\" rel=\"noreferrer noopener\">Fondation Arches des Abeilles<\/a><br><a href=\"https:\/\/agpg-gout.ch\/\">AGPG \u2013 Association Genevoise pour la Promotion du Go\u00fbt<\/a><br><a href=\"https:\/\/www.biogeneve.ch\/\" target=\"_blank\" rel=\"noreferrer noopener\">BioGen\u00e8ve<\/a>, association des productrices et producteurs bio genevois<br><a href=\"https:\/\/www.biovision.ch\/fr\/\" target=\"_blank\" rel=\"noreferrer noopener\">biovision<\/a><br><a href=\"https:\/\/diabete-geneve.ch\/\" target=\"_blank\" rel=\"noreferrer noopener\">Diab\u00e8te Gen\u00e8ve<\/a><br><a href=\"https:\/\/www.ge.ch\/organisation\/direction-durabilite-du-climat-ddc\">Direction de la durabilit\u00e9 et du climat&nbsp;<\/a><br><a href=\"https:\/\/la-feve.ch\/\" target=\"_blank\" rel=\"noreferrer noopener\">La F\u00e8ve \u2014 Supermarch\u00e9 Participatif Paysan<\/a><br><a href=\"https:\/\/www.fracp.ch\/\" target=\"_blank\" rel=\"noreferrer noopener\">F\u00e9d\u00e9ration Romande d\u2019Agriculture Contractuelle de Proximit\u00e9 (FRACP)<\/a><br><a href=\"https:\/\/www.frc.ch\/\" target=\"_blank\" rel=\"noreferrer noopener\">frc \u2013 F\u00e9d\u00e9ration romande des consommateurs<\/a><br><a href=\"https:\/\/www.gebana.com\/fr\/\" target=\"_blank\" rel=\"noreferrer noopener\">gebana \u2013 March\u00e9 paysan mondial<\/a><br><a href=\"https:\/\/www.genevecultive.ch\/\" target=\"_blank\" rel=\"noreferrer noopener\">Gen\u00e8ve Cultive<\/a><br><a href=\"https:\/\/www.hesge.ch\/hepia\/bachelor\/agronomie\">HEPIA \u2013 Haute \u00e9cole du paysage, d\u2019ing\u00e9nierie et d\u2019architecture de Gen\u00e8ve, Fili\u00e8re agronomie<\/a><br><a href=\"https:\/\/jlaramene.ch\/\" target=\"_blank\" rel=\"noreferrer noopener\">J\u2019la ram\u00e8ne, fili\u00e8re genevoise de r\u00e9emploi des contenants alimentaires<\/a><br><a href=\"https:\/\/labelfaitmaison.ch\/\">Label Fait Maison<\/a><br><a href=\"https:\/\/ma-terre.ch\/\" target=\"_blank\" rel=\"noreferrer noopener\">ma-terre \/ La Maison de l&rsquo;Alimentation du Territoire de Gen\u00e8ve<\/a><br><a href=\"https:\/\/www.ge.ch\/organisation\/office-cantonal-agriculture-nature-ocan\" target=\"_blank\" rel=\"noreferrer noopener\">Office cantonal de l\u2019agriculture et de la nature \u2014 Service de l\u2019agronomie<\/a><br><a href=\"https:\/\/www.swissfairtrade.ch\/fr\/\" target=\"_blank\" rel=\"noreferrer noopener\">Swiss Fair Trade<\/a><br><a href=\"https:\/\/www.swissfoodacademy.ch\/\" target=\"_blank\" rel=\"noreferrer noopener\">Swiss Food Academy<\/a><br><a href=\"https:\/\/www.terrenature.ch\/\">Terre&amp;Nature<\/a><br><a href=\"https:\/\/www.lancy.ch\/\" target=\"_blank\" rel=\"noreferrer noopener\">Ville de Lancy<\/a><br><a href=\"https:\/\/zerowasteswitzerland.ch\/fr\/\">ZeroWaste Switzerland<\/a><\/p>\n<\/div>\n<\/div>\n<\/div><\/div><\/div>\n\n\n\n<div class=\"wp-block-aab-accordion-item aagb__accordion_container panel\" tabindex=\"0\" style=\"border:1px solid #bcb6b638;border-radius:[object Object]px;margin-top:0px;margin-bottom:15px\"><div class=\"aagb__accordion_head aab_right_icon  \" data-active=\"false\" style=\"border-radius:[object Object]px [object Object]px 0 0;background-color:#bcb6b638;border-top:none;border-right:none;border-bottom:none;border-left:none\"><div class=\"aagb__accordion_heading aab_right_icon aagb_right_link\"><div class=\"head_content_wrapper\"><div class=\"title_wrapper\"><h5 class=\"aagb__accordion_title\" style=\"margin:0\">Participant\u00b7e\u00b7s 2023<\/h5><\/div><p class=\"aagb__accordion_subheading\" placeholder=\"\" style=\"margin:5px 0 0 0\"><\/p><\/div><\/div><div class=\"aagb__accordion_icon\"><div class=\"aagb__icon_dashicons_box\"><span class=\"aagb__icon dashicons dashicons-plus-alt2\" style=\"font-size:23px\"><\/span><\/div><\/div><\/div><div class=\"aagb__accordion_body   \" role=\"region\" style=\"border-radius:0 0 [object Object]px [object Object]px;background-color:[object Object];border-top:1px solid #bcb6b638;border-right:none;border-bottom:none;border-left:none\"><div class=\"aagb__accordion_component \">\n<div class=\"wp-block-columns is-layout-flex wp-container-core-columns-is-layout-9d6595d7 wp-block-columns-is-layout-flex\">\n<div class=\"wp-block-column is-layout-flow wp-block-column-is-layout-flow\">\n<p class=\"has-vivid-green-cyan-color has-text-color has-link-color wp-elements-6a47e26700935c8c88270e606b8926ac\"><strong>Producteurs et productrices<\/strong><\/p>\n\n\n\n<p><a href=\"http:\/\/www.1001herbes.ch\/\" target=\"_blank\" rel=\"noreferrer noopener\">1001 Herbes<\/a> (bio)<br><a href=\"https:\/\/domainedelabbaye.ch\/\" target=\"_blank\" rel=\"noreferrer noopener\">Domaine de l\u2019Abbaye<\/a> (bio)<br><a href=\"https:\/\/www.ferme-de-bude.ch\/\" target=\"_blank\" rel=\"noreferrer noopener\">La Ferme de Bud\u00e9<\/a> (bio)<br><a href=\"https:\/\/www.cap-artisans.ch\/\" target=\"_blank\" rel=\"noreferrer noopener\">CAP &#8211; Coop\u00e9rative des ateliers paysans<\/a><br><a href=\"http:\/\/www.cocagne.ch\/\" target=\"_blank\" rel=\"noreferrer noopener\">Les Jardins de Cocagne<\/a> (bio)<br><a href=\"https:\/\/www.legumes.ch\/index.php?id=45&amp;prod=810\" target=\"_blank\" rel=\"noreferrer noopener\">Les Jardins de Charrot \/ Espace-Terroir<\/a> (bio)<br><a href=\"https:\/\/ferme-du-lignon.ch\/\" target=\"_blank\" rel=\"noreferrer noopener\">La Ferme du Lignon<\/a><br><a href=\"https:\/\/www.mielsdestephanie.ch\/\">Les miels de St\u00e9phanie&nbsp;<\/a> (bio)<br><a href=\"https:\/\/www.cave-des-oulaines.ch\/\" target=\"_blank\" rel=\"noreferrer noopener\">Cave et domaine des Oulaines<\/a><br><a href=\"https:\/\/pepinieresgenevoises.ch\/\" target=\"_blank\" rel=\"noreferrer noopener\">P\u00e9pini\u00e8res Genevoises<\/a><br><a href=\"http:\/\/www.leroussillon.ch\/\" target=\"_blank\" rel=\"noreferrer noopener\">Roussillon Fleurs<\/a> (bio)<br><a href=\"https:\/\/www.lafermedusonneur.ch\/\" target=\"_blank\" rel=\"noreferrer noopener\">La Ferme du Sonneur <\/a>(bio)<br><a href=\"https:\/\/www.touviere.ch\/\" target=\"_blank\" rel=\"noreferrer noopener\">La Ferme biologique de la Touvi\u00e8re<\/a> (bio)<br><a href=\"https:\/\/umg.ch\/\" target=\"_blank\" rel=\"noreferrer noopener\">Union Maraich\u00e8re de Gen\u00e8ve \u2013 UMG<\/a> (bio et PER)<br><a href=\"https:\/\/www.fermedesvergers.ch\/\" target=\"_blank\" rel=\"noreferrer noopener\">Ferme des Vergers<\/a> (bio)<br><a href=\"https:\/\/www.facebook.com\/people\/La-Vacherie-du-Carre\/100058733724677\/\" target=\"_blank\" rel=\"noreferrer noopener\">Vacherie du Carre<\/a> (bio)<\/p>\n\n\n\n<p class=\"has-vivid-green-cyan-color has-text-color has-link-color wp-elements-37c2d7e975b338ea8ddea5c1226a96e8\"><strong>Vigneron\u00b7ne\u00b7s, brasseries et distillerie<\/strong><\/p>\n\n\n\n<p><a href=\"https:\/\/abig.beer\/membres\/\" target=\"_blank\" rel=\"noreferrer noopener\">ABIG \u2013 Association des Brasseries Ind\u00e9pendantes de Gen\u00e8ve<\/a><br><a href=\"https:\/\/www.agneauatroispattes.ch\/\" target=\"_blank\" rel=\"noreferrer noopener\">Brasserie Associative de L\u2019Agneau \u00e0 Trois Pattes<\/a><br><a href=\"https:\/\/brasseriedumat.mycommerce.shop\/\" target=\"_blank\" rel=\"noreferrer noopener\">Brasserie du M\u00e2t<\/a><br><a href=\"https:\/\/www.perejakob.ch\/\" target=\"_blank\" rel=\"noreferrer noopener\">Brasserie du P\u00e8re Jakob<\/a><br><a href=\"https:\/\/brasserielasource.ch\/\" target=\"_blank\" rel=\"noreferrer noopener\">Brasserie de la Source<\/a><br><a href=\"https:\/\/virage.beer\/\" target=\"_blank\" rel=\"noreferrer noopener\">Brasserie du Virage<\/a><br><a href=\"http:\/\/www.bonnettes.ch\/\" target=\"_blank\" rel=\"noreferrer noopener\">Domaine des Bonnettes<\/a><br><a href=\"https:\/\/champvigny.ch\/\" target=\"_blank\" rel=\"noreferrer noopener\">Domaine de Champvigny<\/a> (bio)<br><a href=\"https:\/\/www.cavedegeneve.ch\/\" target=\"_blank\" rel=\"noreferrer noopener\">La Cave de Gen\u00e8ve<\/a><br><a href=\"https:\/\/closduchateau.ch\/\" target=\"_blank\" rel=\"noreferrer noopener\">Clos du Ch\u00e2teau<\/a> (bio)<br><a href=\"https:\/\/www.domaineduchateau.ch\/\" target=\"_blank\" rel=\"noreferrer noopener\">Domaine du Ch\u00e2teau de Collex<\/a><br><a href=\"http:\/\/www.la-deviniere.ch\/\" target=\"_blank\" rel=\"noreferrer noopener\">Domaine de la Devini\u00e8re<\/a> (bio)<br><a href=\"http:\/\/vins.sydupraz.ch\/\" target=\"_blank\" rel=\"noreferrer noopener\">St\u00e9phane et L\u00e9o Dupraz<\/a><br><a href=\"http:\/\/www.domaine-dugerdil.ch\/\" target=\"_blank\" rel=\"noreferrer noopener\">Domaine Dugerdil Dardagny<\/a> (bio)<br><a href=\"https:\/\/domainedesesserts.ch\" target=\"_blank\" rel=\"noreferrer noopener\">Domaine des Esserts<\/a><br><a href=\"https:\/\/lagara.ch\" target=\"_blank\" rel=\"noreferrer noopener\">Les Vins de La Gara<\/a><br><a href=\"https:\/\/domainedesgraves.ch\/\" target=\"_blank\" rel=\"noreferrer noopener\">Domaine des Graves<\/a><br><a href=\"http:\/\/www.domaineleshutins.ch\/\" target=\"_blank\" rel=\"noreferrer noopener\">Domaine Les Hutins<\/a> (bio)<br><a href=\"https:\/\/chateaudelaconnex.ch\/\" target=\"_blank\" rel=\"noreferrer noopener\">Ch\u00e2teau de Laconnex<\/a><br><a href=\"https:\/\/lolliets.ch\/\" target=\"_blank\" rel=\"noreferrer noopener\">Domaine des Lolliets<\/a> (bio)<br><a href=\"https:\/\/www.mermiere.ch\/\" target=\"_blank\" rel=\"noreferrer noopener\">Domaine de la Mermi\u00e8re<\/a> (bio)<br><a href=\"https:\/\/www.cave-des-oulaines.ch\/\" target=\"_blank\" rel=\"noreferrer noopener\">Cave et domaine des Oulaines<\/a><br><a href=\"https:\/\/domainedelaplanta.ch\/\" target=\"_blank\" rel=\"noreferrer noopener\">Domaine de la Planta<\/a><br><a href=\"http:\/\/laprintaniere.ch\/\" target=\"_blank\" rel=\"noreferrer noopener\">Domaine de la Printani\u00e8re<\/a> (bio)<br><a href=\"http:\/\/www.eaudevie.ch\/\" target=\"_blank\" rel=\"noreferrer noopener\">Distillerie de Saconnex d\u2019Arve<\/a><\/p>\n\n\n\n<p class=\"has-vivid-green-cyan-color has-text-color has-link-color wp-elements-0e09fb57c26e7e3a40f847a46b271099\"><strong>Musique et animations pour enfants<\/strong><\/p>\n\n\n\n<p><a href=\"http:\/\/cheptelrecords.com\/\" target=\"_blank\" rel=\"noreferrer noopener\">Cheptel Records<\/a><br><a href=\"https:\/\/maisondelacreativite.ch\/\" target=\"_blank\" rel=\"noreferrer noopener\">Maison de la cr\u00e9ativit\u00e9<\/a><br>Rosa \u00e0 cheval<br><a href=\"https:\/\/www.larouedesecodefis.com\/\" target=\"_blank\" rel=\"noreferrer noopener\">Le Sablier de Cassandre<\/a><br>Cal\u00e8che \u00e0 chevaux de Laure Chavaz<\/p>\n<\/div>\n\n\n\n<div class=\"wp-block-column is-layout-flow wp-block-column-is-layout-flow\">\n<p><strong style=\"white-space: normal; color: rgb(0, 204, 153);\">Transformateurs et transformatrices<\/strong><\/p>\n\n\n\n<p><a href=\"https:\/\/boulangerie-de-peney.business.site\/?utm_source=gmb&amp;utm_medium=referral\" target=\"_blank\" rel=\"noreferrer noopener\">Boulangerie de Peney<\/a><br>Boulangerie des Vergers<br><a href=\"https:\/\/www.la-genevoise.ch\/\" target=\"_blank\" rel=\"noreferrer noopener\">La Genevoise du Terroir<\/a><br>Ginger Fruit<br><a href=\"https:\/\/fiordipasta.ch\/\" target=\"_blank\" rel=\"noreferrer noopener\">Fior di Pasta<\/a><br>Fromagerie des Vergers<br><a href=\"https:\/\/www.isko.ch\/\" target=\"_blank\" rel=\"noreferrer noopener\">ISKO<\/a> (bio)<br><a href=\"https:\/\/lrgg.ch\/\" target=\"_blank\" rel=\"noreferrer noopener\">Laiteries R\u00e9unies: Panier d\u2019ici<\/a><br><a href=\"https:\/\/levain.ch\/\" target=\"_blank\" rel=\"noreferrer noopener\">Levain<\/a><br><a href=\"https:\/\/boulangerie-la-mie.ch\/\" target=\"_blank\" rel=\"noreferrer noopener\">Boulangerie La Mie<\/a><br><a href=\"https:\/\/meaty.ch\/\" target=\"_blank\" rel=\"noreferrer noopener\">Meaty<\/a><br><a href=\"https:\/\/lepaindujardin.ch\/\" target=\"_blank\" rel=\"noreferrer noopener\">Le Pain du Jardin<\/a><br><a href=\"https:\/\/www.pauseglace.com\/\" target=\"_blank\" rel=\"noreferrer noopener\">Pause Glace<\/a><br><a href=\"http:\/\/www.vidonne.ch\/index\/boucheriedupalais-cotemarche\/bpmarche2017-V3.html\" target=\"_blank\" rel=\"noreferrer noopener\">La Boucherie du Palais \u2013 C\u00f4t\u00e9 march\u00e9<\/a><\/p>\n\n\n\n<p class=\"has-vivid-green-cyan-color has-text-color has-link-color wp-elements-b0833ad850c7908e41ed672fc6b0ef9a\"><strong>Restaurateurs et restauratrices<\/strong><\/p>\n\n\n\n<p><a href=\"https:\/\/www.facebook.com\/baoti.forbunlovers\/\" target=\"_blank\" rel=\"noreferrer noopener\">Baoti<\/a><br><a href=\"https:\/\/umg.ch\/cote-jardin\/le-food-truck\/\" target=\"_blank\" rel=\"noreferrer noopener\">C\u00f4t\u00e9 Jardin, le FoodTruck de l\u2019UMG<\/a><br><a href=\"http:\/\/lefix.ch\/le-cafe-mobile\/\" target=\"_blank\" rel=\"noreferrer noopener\">Le Fix Caf\u00e9 mobile<\/a><br><a href=\"https:\/\/www.gemusekebab.ch\/\" target=\"_blank\" rel=\"noreferrer noopener\">Gem\u00fcse Kebab<\/a><br><a href=\"https:\/\/www.facebook.com\/karavanapatates\" target=\"_blank\" rel=\"noreferrer noopener\">Karavana Patates<\/a><br><a href=\"https:\/\/www.nonnamary.ch\/\" target=\"_blank\" rel=\"noreferrer noopener\">Nonna Mary<\/a><br>Les Raclures<br><a href=\"https:\/\/www.unrdefamille.ch\/\" target=\"_blank\" rel=\"noreferrer noopener\">Un R de Famille<\/a><br><a href=\"https:\/\/tonic-restaurant.ch\/\" target=\"_blank\" rel=\"noreferrer noopener\">Tonic<\/a><br><a href=\"https:\/\/upfg.ch\/\" target=\"_blank\" rel=\"noreferrer noopener\">L\u2019Union des paysannes et femmes rurales genevoises<\/a><br>Le Vezza Croustillant<\/p>\n\n\n\n<p class=\"has-vivid-green-cyan-color has-text-color has-link-color wp-elements-8c606e6aa8e7382b4c988f5415d41a49\"><strong>Associations, fondations, institutions, et entreprises en lien avec l\u2019alimentation durable<\/strong><\/p>\n\n\n\n<p><a href=\"https:\/\/www.biogeneve.ch\/\" target=\"_blank\" rel=\"noreferrer noopener\">BioGen\u00e8ve<\/a>, association des productrices et producteurs bio genevois<br><a href=\"https:\/\/www.biovision.ch\/fr\/\" target=\"_blank\" rel=\"noreferrer noopener\">biovision<\/a><br><a href=\"https:\/\/www.cuisinelab.ch\/fr\/accueil-2\/\" target=\"_blank\" rel=\"noreferrer noopener\">Cuisine Lab<\/a><br><a href=\"http:\/\/www.culturanatura.ch\/site\/Accueil.html\" target=\"_blank\" rel=\"noreferrer noopener\">cultura natura<\/a><br><a href=\"https:\/\/diabete-geneve.ch\/\" target=\"_blank\" rel=\"noreferrer noopener\">Diab\u00e8te Gen\u00e8ve<\/a><br><a href=\"https:\/\/la-feve.ch\/\" target=\"_blank\" rel=\"noreferrer noopener\">La F\u00e8ve \u2014 Supermarch\u00e9 Participatif Paysan<\/a><br><a href=\"https:\/\/archedesabeilles.ch\/fondation\/\" target=\"_blank\" rel=\"noreferrer noopener\">Fondation Arche des Abeilles<\/a><br><a href=\"https:\/\/www.fao.org\/home\/fr\" target=\"_blank\" rel=\"noreferrer noopener\">Food and Agriculture Organization of the United Nations (FAO)<\/a><br><a href=\"https:\/\/www.frc.ch\/\" target=\"_blank\" rel=\"noreferrer noopener\">frc \u2013 F\u00e9d\u00e9ration romande des consommateurs<\/a><br><a href=\"https:\/\/www.gebana.com\/fr\/\" target=\"_blank\" rel=\"noreferrer noopener\">gebana<\/a><br><a href=\"https:\/\/www.genevecultive.ch\/\" target=\"_blank\" rel=\"noreferrer noopener\">Gen\u00e8ve Cultive<\/a><br><a href=\"https:\/\/jlaramene.ch\/\" target=\"_blank\" rel=\"noreferrer noopener\">J\u2019la ram\u00e8ne, fili\u00e8re genevoise de r\u00e9emploi des contenants alimentaires<\/a><br><a href=\"https:\/\/ma-terre.ch\/\" target=\"_blank\" rel=\"noreferrer noopener\">ma-terre \/ La Maison de l&rsquo;Alimentation du Territoire de Gen\u00e8ve<\/a><br><a href=\"https:\/\/bread-collective.com\/nourrirladiversite\/\" target=\"_blank\" rel=\"noreferrer noopener\">Nourrir la diversit\u00e9<\/a><br><a href=\"https:\/\/www.ge.ch\/organisation\/office-cantonal-agriculture-nature-ocan\" target=\"_blank\" rel=\"noreferrer noopener\">Office cantonal de l\u2019agriculture et de la nature \u2014 Service de l\u2019agronomie<\/a><br><a href=\"https:\/\/www.swissfoodacademy.ch\/\" target=\"_blank\" rel=\"noreferrer noopener\">Swiss Food Academy<\/a><\/p>\n<\/div>\n<\/div>\n<\/div><\/div><\/div>\n\n\n\n<div class=\"wp-block-aab-accordion-item aagb__accordion_container panel\" tabindex=\"0\" style=\"border:1px solid #bcb6b638;border-radius:[object Object]px;margin-top:0px;margin-bottom:15px\"><div class=\"aagb__accordion_head aab_right_icon  \" data-active=\"false\" style=\"border-radius:[object Object]px [object Object]px 0 0;background-color:#bcb6b638;border-top:none;border-right:none;border-bottom:none;border-left:none\"><div class=\"aagb__accordion_heading aab_right_icon aagb_right_link\"><div class=\"head_content_wrapper\"><div class=\"title_wrapper\"><h5 class=\"aagb__accordion_title\" style=\"margin:0\">Participant\u00b7e\u00b7s 2022<\/h5><\/div><p class=\"aagb__accordion_subheading\" placeholder=\"\" style=\"margin:5px 0 0 0\"><\/p><\/div><\/div><div class=\"aagb__accordion_icon\"><div class=\"aagb__icon_dashicons_box\"><span class=\"aagb__icon dashicons dashicons-plus-alt2\" style=\"font-size:23px\"><\/span><\/div><\/div><\/div><div class=\"aagb__accordion_body   \" role=\"region\" style=\"border-radius:0 0 [object Object]px [object Object]px;background-color:[object Object];border-top:1px solid #bcb6b638;border-right:none;border-bottom:none;border-left:none\"><div class=\"aagb__accordion_component \">\n<div class=\"wp-block-columns is-layout-flex wp-container-core-columns-is-layout-9d6595d7 wp-block-columns-is-layout-flex\">\n<div class=\"wp-block-column is-layout-flow wp-block-column-is-layout-flow\">\n<p class=\"has-vivid-green-cyan-color has-text-color has-link-color wp-elements-6a47e26700935c8c88270e606b8926ac\"><strong>Producteurs et productrices<\/strong><\/p>\n\n\n\n<p><a href=\"http:\/\/www.1001herbes.ch\/\" target=\"_blank\" rel=\"noreferrer noopener\">1001 Herbes<\/a> (bio)<br><a href=\"https:\/\/domainedelabbaye.ch\/\" target=\"_blank\" rel=\"noreferrer noopener\">Domaine de l\u2019Abbaye<\/a> (bio)<br><a href=\"https:\/\/www.aigues-vertes.ch\/\" target=\"_blank\" rel=\"noreferrer noopener\">Fondation Aigues-Vertes<\/a> (bio)<br><a href=\"https:\/\/www.ferme-de-bude.ch\/\" target=\"_blank\" rel=\"noreferrer noopener\">La Ferme de Bud\u00e9<\/a> (bio)<br><a href=\"http:\/\/www.cocagne.ch\/\" target=\"_blank\" rel=\"noreferrer noopener\">Les Jardins de Cocagne<\/a> (bio)<br><a href=\"https:\/\/www.legumes.ch\/index.php?id=45&amp;prod=810\" target=\"_blank\" rel=\"noreferrer noopener\">Les Jardins de Charrot \/ Espace Terroir<\/a> (bio)<br><a href=\"https:\/\/ferme-du-lignon.ch\/\" target=\"_blank\" rel=\"noreferrer noopener\">La ferme du Lignon<\/a><br><a href=\"https:\/\/www.cultureslocales.ch\/\" target=\"_blank\" rel=\"noreferrer noopener\">Cultures locales<\/a> (bio)<br><a href=\"https:\/\/www.mielsdestephanie.ch\/\">Les miels de St\u00e9phanie&nbsp;<\/a> (bio)<br><a href=\"http:\/\/www.lafermedumonniati.ch\/\" target=\"_blank\" rel=\"noreferrer noopener\">La Ferme du Monniati<\/a> (bio)<br><a href=\"https:\/\/www.cave-des-oulaines.ch\/\" target=\"_blank\" rel=\"noreferrer noopener\">Cave des Oulaines<\/a><br><a href=\"https:\/\/pepinieresgenevoises.ch\/\" target=\"_blank\" rel=\"noreferrer noopener\">P\u00e9pini\u00e8res Genevoises<\/a><br><a href=\"http:\/\/www.leroussillon.ch\/\" target=\"_blank\" rel=\"noreferrer noopener\">Roussillon Fleurs<\/a> (bio)<br><a href=\"https:\/\/www.lafermedusonneur.ch\/\" target=\"_blank\" rel=\"noreferrer noopener\">La Ferme du Sonneur<\/a><br><a href=\"https:\/\/www.touviere.ch\/\" target=\"_blank\" rel=\"noreferrer noopener\">La Touvi\u00e8re<\/a> (bio)<br><a href=\"https:\/\/umg.ch\/\" target=\"_blank\" rel=\"noreferrer noopener\">Union Maraich\u00e8re de Gen\u00e8ve \u2013 UMG<\/a> (bio et PER)<br><a href=\"https:\/\/www.fermedesvergers.ch\/\" target=\"_blank\" rel=\"noreferrer noopener\">Fili\u00e8re alimentaire des Vergers<\/a><\/p>\n\n\n\n<p class=\"has-vivid-green-cyan-color has-text-color has-link-color wp-elements-37c2d7e975b338ea8ddea5c1226a96e8\"><strong>Vigneron\u00b7ne\u00b7s, brasseries et distillerie<\/strong><\/p>\n\n\n\n<p><a href=\"http:\/\/www.geneva.beer\/creation-association-brasseries-independantes-geneve\/\" target=\"_blank\" rel=\"noreferrer noopener\">ABIG \u2013 Association des Brasseries Ind\u00e9pendantes de Gen\u00e8ve<\/a><br><a href=\"https:\/\/lapaisee.ch\/\" target=\"_blank\" rel=\"noreferrer noopener\">Brasserie l\u2019Apais\u00e9e<\/a><br><a href=\"https:\/\/www.facebook.com\/brasserie.lesbarbus\/\" target=\"_blank\" rel=\"noreferrer noopener\">Brasserie les Barbus<\/a><br><a href=\"https:\/\/www.bmurailles.ch\/\" target=\"_blank\" rel=\"noreferrer noopener\">Brasserie des Murailles<\/a><br><a href=\"http:\/\/niton.beer\/\" target=\"_blank\" rel=\"noreferrer noopener\">Bi\u00e8res du Niton<\/a><br><a href=\"http:\/\/www.perejakob.ch\/\" target=\"_blank\" rel=\"noreferrer noopener\">Brasserie du P\u00e8re Jakob<\/a><br><a href=\"https:\/\/www.lapiece.ch\/\" target=\"_blank\" rel=\"noreferrer noopener\">Brasserie de la Pi\u00e8ce<\/a><br><a href=\"https:\/\/brasserielasource.ch\/\" target=\"_blank\" rel=\"noreferrer noopener\">Brasserie la Source<\/a><br><a href=\"http:\/\/www.virage.beer\/\" target=\"_blank\" rel=\"noreferrer noopener\">Brasserie du Virage<\/a><br><a href=\"http:\/\/www.bonnettes.ch\/\" target=\"_blank\" rel=\"noreferrer noopener\">Domaine des Bonnettes<\/a><br><a href=\"https:\/\/champvigny.ch\/\" target=\"_blank\" rel=\"noreferrer noopener\">Domaine de Champvigny<\/a> (bio)<br><a href=\"https:\/\/www.cavedegeneve.ch\/\" target=\"_blank\" rel=\"noreferrer noopener\">La Cave de Gen\u00e8ve<\/a><br><a href=\"https:\/\/closduchateau.ch\/\" target=\"_blank\" rel=\"noreferrer noopener\">Clos du Ch\u00e2teau<\/a> (bio)<br><a href=\"https:\/\/www.domaineduchateau.ch\/\" target=\"_blank\" rel=\"noreferrer noopener\">Domaine du Ch\u00e2teau de Collex<\/a><br><a href=\"http:\/\/www.la-deviniere.ch\/\" target=\"_blank\" rel=\"noreferrer noopener\">Domaine de la Devini\u00e8re<\/a> (bio)<br><a href=\"http:\/\/vins.sydupraz.ch\/\" target=\"_blank\" rel=\"noreferrer noopener\">St\u00e9phane et L\u00e9o Dupraz<\/a><br><a href=\"http:\/\/www.domaine-dugerdil.ch\/\" target=\"_blank\" rel=\"noreferrer noopener\">Domaine Dugerdil Dardagny<\/a> (bio)<br><a href=\"https:\/\/www.chateauleveque.ch\/\" target=\"_blank\" rel=\"noreferrer noopener\">Domaine Ch\u00e2teau l\u2019\u00c9v\u00eaque<\/a> (bio)<br><a href=\"https:\/\/grands-buissons.ch\/\" target=\"_blank\" rel=\"noreferrer noopener\">Domaine des Grands-Buissons<\/a><br><a href=\"https:\/\/domainedesgraves.ch\/\" target=\"_blank\" rel=\"noreferrer noopener\">Domaine des Graves<\/a><br><a href=\"http:\/\/www.domaineleshutins.ch\/\" target=\"_blank\" rel=\"noreferrer noopener\">Domaine Les Hutins<\/a> (bio)<br><a href=\"https:\/\/chateaudelaconnex.ch\/\" target=\"_blank\" rel=\"noreferrer noopener\">Ch\u00e2teau de Laconnex<\/a><br><a href=\"https:\/\/lolliets.ch\/\" target=\"_blank\" rel=\"noreferrer noopener\">Domaine des Lolliets<\/a> (bio)<br><a href=\"https:\/\/www.mermiere.ch\/\" target=\"_blank\" rel=\"noreferrer noopener\">Domaine de la Mermi\u00e8re<\/a> (bio)<br><a href=\"https:\/\/www.cave-des-oulaines.ch\/\" target=\"_blank\" rel=\"noreferrer noopener\">Cave des Oulaines<\/a><br><a href=\"http:\/\/laprintaniere.ch\/\" target=\"_blank\" rel=\"noreferrer noopener\">Domaine de la Printani\u00e8re<\/a> (bio)<br><a href=\"http:\/\/www.eaudevie.ch\/\" target=\"_blank\" rel=\"noreferrer noopener\">Distillerie de Saconnex d\u2019Arve<\/a><br><a href=\"https:\/\/bieregotan.ch\/\" target=\"_blank\" rel=\"noreferrer noopener\">Gotan Bi\u00e8re artisanale<\/a><\/p>\n<\/div>\n\n\n\n<div class=\"wp-block-column is-layout-flow wp-block-column-is-layout-flow\">\n<p><strong style=\"white-space: normal; color: rgb(0, 204, 153);\">Transformateurs et transformatrices<\/strong><\/p>\n\n\n\n<p><a href=\"https:\/\/boulangerie-de-peney.business.site\/?utm_source=gmb&amp;utm_medium=referral\" target=\"_blank\" rel=\"noreferrer noopener\">Boulangerie de Peney<\/a><a href=\"https:\/\/www.la-genevoise.ch\/\" target=\"_blank\" rel=\"noreferrer noopener\">La Genevoise du Terroir<\/a><br><a href=\"https:\/\/www.facebook.com\/mlleb2013\" target=\"_blank\" rel=\"noreferrer noopener\">Mlle B \u2014 Pains au Levain Naturel<\/a><br><a href=\"https:\/\/lrgg.ch\/\" target=\"_blank\" rel=\"noreferrer noopener\">Laiteries R\u00e9unies: Panier d\u2019ici<\/a><br><a href=\"https:\/\/boulangerie-la-mie.ch\/\" target=\"_blank\" rel=\"noreferrer noopener\">Boulangerie La Mie<\/a><br><a href=\"https:\/\/meaty.ch\/\" target=\"_blank\" rel=\"noreferrer noopener\">Meaty<\/a><br><a href=\"http:\/\/www.vidonne.ch\/index\/boucheriedupalais-cotemarche\/bpmarche2017-V3.html\" target=\"_blank\" rel=\"noreferrer noopener\">La Boucherie du Palais \u2013 C\u00f4t\u00e9 march\u00e9<\/a><\/p>\n\n\n\n<p class=\"has-vivid-green-cyan-color has-text-color has-link-color wp-elements-b0833ad850c7908e41ed672fc6b0ef9a\"><strong>Restaurateurs et restauratrices<\/strong><\/p>\n\n\n\n<p><a href=\"https:\/\/www.aithueempanadas.com\/\" target=\"_blank\" rel=\"noreferrer noopener\">Aithu\u00e9 Empanadas<\/a><br><a href=\"http:\/\/www.vidonne.ch\/index.html\" target=\"_blank\" rel=\"noreferrer noopener\">Boucherie du Palais<\/a><br><a href=\"https:\/\/www.leboteco.ch\/\" target=\"_blank\" rel=\"noreferrer noopener\">Le Boteco<\/a><br><a href=\"https:\/\/umg.ch\/cote-jardin\/le-food-truck\/\" target=\"_blank\" rel=\"noreferrer noopener\">C\u00f4t\u00e9 Jardin, le FoodTruck de l\u2019UMG<\/a><br><a href=\"http:\/\/lefix.ch\/le-cafe-mobile\/\" target=\"_blank\" rel=\"noreferrer noopener\">Le Fix Caf\u00e9 mobile<\/a><br><a href=\"https:\/\/www.gelato-mania.ch\/\" target=\"_blank\" rel=\"noreferrer noopener\">Gelatomania<\/a><br><a href=\"https:\/\/www.gemusekebab.ch\/\" target=\"_blank\" rel=\"noreferrer noopener\">Gem\u00fcse Kebab<\/a><br><a href=\"https:\/\/www.unrdefamille.ch\/\" target=\"_blank\" rel=\"noreferrer noopener\">Un R de Famille<\/a><br><a href=\"http:\/\/laritournelle.ch\/\" target=\"_blank\" rel=\"noreferrer noopener\">La Ritournelle en Selle<\/a><br><a href=\"https:\/\/upfg.ch\/\" target=\"_blank\" rel=\"noreferrer noopener\">L\u2019Union des paysannes et femmes rurales genevoises<\/a><\/p>\n\n\n\n<p class=\"has-vivid-green-cyan-color has-text-color has-link-color wp-elements-090e3ebfa74f9a831568fd0464e7539e\"><strong>Associations et Institutions<\/strong><\/p>\n\n\n\n<p><a href=\"https:\/\/www.biogeneve.ch\/\" target=\"_blank\" rel=\"noreferrer noopener\">BioGen\u00e8ve<\/a>, association des productrices et producteurs bio genevois<br><a href=\"https:\/\/diabete-geneve.ch\/\" target=\"_blank\" rel=\"noreferrer noopener\">Diab\u00e8te Gen\u00e8ve<\/a><br><a href=\"https:\/\/labelfaitmaison.ch\/\" target=\"_blank\" rel=\"noreferrer noopener\">Label Fait Maison<\/a><br><a href=\"https:\/\/la-feve.ch\/\" target=\"_blank\" rel=\"noreferrer noopener\">La F\u00e8ve<\/a><br><a href=\"https:\/\/archedesabeilles.ch\/fondation\/\" target=\"_blank\" rel=\"noreferrer noopener\">Fondation Arche des Abeilles<\/a><br><a href=\"https:\/\/www.fao.org\/home\/fr\" target=\"_blank\" rel=\"noreferrer noopener\">Food and Agriculture Organization of the United Nations (FAO)<\/a><br><a href=\"https:\/\/www.fourchetteverte.ch\/#news\" target=\"_blank\" rel=\"noreferrer noopener\">Fourchette verte<\/a><br><a href=\"https:\/\/www.fracp.ch\/\" target=\"_blank\" rel=\"noreferrer noopener\">FRACP \u2013 F\u00e9d\u00e9ration Romande d\u2019Agriculture Contractuelle de Proximit\u00e9<\/a><br><a href=\"https:\/\/www.frc.ch\/\" target=\"_blank\" rel=\"noreferrer noopener\">frc \u2013 F\u00e9d\u00e9ration romande des consommateurs<\/a><br><a href=\"https:\/\/www.lafermedemamajah.ch\/\" target=\"_blank\" rel=\"noreferrer noopener\">La Ferme de Mamajah<\/a><br><a href=\"https:\/\/mapc-ge.ch\/\" target=\"_blank\" rel=\"noreferrer noopener\">MAPC \u2013 Mouvement pour une agriculture paysanne et citoyenne<\/a><br><a href=\"https:\/\/ma-terre.ch\/\" target=\"_blank\" rel=\"noreferrer noopener\">ma-terre<\/a><br><a href=\"https:\/\/lenid.ch\/\" target=\"_blank\" rel=\"noreferrer noopener\">Le Nid \u2013 Epicerie coop\u00e9rative<\/a><br><a href=\"http:\/\/label-vie.ch\/realisations-projets\/les-developpements-du-presse-fruits\" target=\"_blank\" rel=\"noreferrer noopener\">Label Vie<\/a><br><a href=\"https:\/\/www.ge.ch\/organisation\/office-cantonal-agriculture-nature-ocan\" target=\"_blank\" rel=\"noreferrer noopener\">Office cantonal de l\u2019agriculture et de la nature \u2014 Service de l\u2019agronomie<\/a><br><a href=\"https:\/\/www.openfoodswitzerland.ch\/\" target=\"_blank\" rel=\"noreferrer noopener\">Open Food Network CH<\/a><br><a href=\"https:\/\/www.terrenature.ch\/\" target=\"_blank\" rel=\"noreferrer noopener\">Terre&amp;Nature<\/a><br><a href=\"https:\/\/www.restaurants-sensibles.ch\/\" target=\"_blank\" rel=\"noreferrer noopener\">Association Restaurants sensibles<\/a><br><a href=\"https:\/\/www.swissfoodacademy.ch\/\" target=\"_blank\" rel=\"noreferrer noopener\">Swiss Food Academy<\/a><\/p>\n<\/div>\n<\/div>\n<\/div><\/div><\/div>\n\n\n\n<div class=\"wp-block-aab-accordion-item aagb__accordion_container panel\" tabindex=\"0\" style=\"border:1px solid #bcb6b638;border-radius:[object Object]px;margin-top:0px;margin-bottom:15px\"><div class=\"aagb__accordion_head aab_right_icon  \" data-active=\"false\" style=\"border-radius:[object Object]px [object Object]px 0 0;background-color:#bcb6b638;border-top:none;border-right:none;border-bottom:none;border-left:none\"><div class=\"aagb__accordion_heading aab_right_icon aagb_right_link\"><div class=\"head_content_wrapper\"><div class=\"title_wrapper\"><h5 class=\"aagb__accordion_title\" style=\"margin:0\">Participant\u00b7e\u00b7s 2021<\/h5><\/div><p class=\"aagb__accordion_subheading\" placeholder=\"\" style=\"margin:5px 0 0 0\"><\/p><\/div><\/div><div class=\"aagb__accordion_icon\"><div class=\"aagb__icon_dashicons_box\"><span class=\"aagb__icon dashicons dashicons-plus-alt2\" style=\"font-size:23px\"><\/span><\/div><\/div><\/div><div class=\"aagb__accordion_body   \" role=\"region\" style=\"border-radius:0 0 [object Object]px [object Object]px;background-color:[object Object];border-top:1px solid #bcb6b638;border-right:none;border-bottom:none;border-left:none\"><div class=\"aagb__accordion_component \">\n<div class=\"wp-block-columns is-layout-flex wp-container-core-columns-is-layout-9d6595d7 wp-block-columns-is-layout-flex\">\n<div class=\"wp-block-column is-layout-flow wp-block-column-is-layout-flow\">\n<p class=\"has-vivid-green-cyan-color has-text-color has-link-color wp-elements-6a47e26700935c8c88270e606b8926ac\"><strong>Producteurs et productrices<\/strong><\/p>\n\n\n\n<p><a href=\"http:\/\/www.1001herbes.ch\/\" target=\"_blank\" rel=\"noreferrer noopener\">1001 Herbes<\/a> (bio)<br><a href=\"https:\/\/domainedelabbaye.ch\/\" target=\"_blank\" rel=\"noreferrer noopener\">Domaine de l\u2019Abbaye<\/a> (bio)<br><a href=\"https:\/\/www.aigues-vertes.ch\/\" target=\"_blank\" rel=\"noreferrer noopener\">Fondation Aigues-Vertes<\/a> (bio)<br><a href=\"https:\/\/www.ferme-de-bude.ch\/\" target=\"_blank\" rel=\"noreferrer noopener\">Ferme de Bud\u00e9<\/a> (bio)<br><a href=\"http:\/\/www.cocagne.ch\/\" target=\"_blank\" rel=\"noreferrer noopener\">Jardins de Cocagne<\/a> (bio)<br><a href=\"https:\/\/www.legumes.ch\/index.php?id=45&amp;prod=810\" target=\"_blank\" rel=\"noreferrer noopener\">Les Jardins de Charrot<\/a><br><a href=\"https:\/\/ferme-du-lignon.ch\/\" target=\"_blank\" rel=\"noreferrer noopener\">Ferme du Lignon<\/a><br><a href=\"https:\/\/www.cultureslocales.ch\/\" target=\"_blank\" rel=\"noreferrer noopener\">Cultures locales<\/a> (bio)<br><a href=\"https:\/\/ferme-jaquet.ch\/\">Ferme Jaquet<\/a> (bio)<br><a href=\"https:\/\/www.mielsdestephanie.ch\/\">Les miels de St\u00e9phanie<\/a> (bio)<br><a href=\"http:\/\/www.lafermedumonniati.ch\/\" target=\"_blank\" rel=\"noreferrer noopener\">La Ferme du Monniati<\/a> (bio)<br><a href=\"http:\/\/www.cave-des-oulaines.ch\/accueil.php\" target=\"_blank\" rel=\"noreferrer noopener\">Cave et domaine des Oulaines<\/a><br><a href=\"http:\/\/www.leroussillon.ch\/\" target=\"_blank\" rel=\"noreferrer noopener\">Roussillon Fleurs<\/a> (bio)<br>Ferme Stalder (bio)<br><a href=\"https:\/\/www.touviere.ch\/\" target=\"_blank\" rel=\"noreferrer noopener\">Domaine de la Touvi\u00e8re<\/a> (bio)<br><a href=\"https:\/\/umg.ch\/\" target=\"_blank\" rel=\"noreferrer noopener\">Union Maraich\u00e8re de Gen\u00e8ve \u2013 UMG<\/a> (bio et PER)<\/p>\n\n\n\n<p class=\"has-vivid-green-cyan-color has-text-color has-link-color wp-elements-37c2d7e975b338ea8ddea5c1226a96e8\"><strong>Vigneron\u00b7ne\u00b7s, brasseries et distillerie<\/strong><\/p>\n\n\n\n<p><a href=\"http:\/\/www.geneva.beer\/creation-association-brasseries-independantes-geneve\/\" target=\"_blank\" rel=\"noreferrer noopener\">ABIG \u2013 Association des Brasseries Ind\u00e9pendantes de Gen\u00e8ve<\/a><br><a href=\"https:\/\/brasserieatp.ch\/\" target=\"_blank\" rel=\"noreferrer noopener\">L\u2019agneau \u00e0 trois pattes<\/a><br><a href=\"http:\/\/www.perejakob.ch\/\" target=\"_blank\" rel=\"noreferrer noopener\">Brasserie du P\u00e8re Jakob<\/a><br><a href=\"https:\/\/brasseriedumat.mycommerce.shop\/\" target=\"_blank\" rel=\"noreferrer noopener\">Brasserie du M\u00e2t<\/a><br><a href=\"https:\/\/www.bmurailles.ch\/\" target=\"_blank\" rel=\"noreferrer noopener\">Brasserie des Murailles<\/a><br><a href=\"http:\/\/niton.beer\/\" target=\"_blank\" rel=\"noreferrer noopener\">Brasserie du Niton<\/a><br><a href=\"https:\/\/brasserielasource.ch\/\" target=\"_blank\" rel=\"noreferrer noopener\">Brasserie la Source<\/a><br><a href=\"http:\/\/www.virage.beer\/\" target=\"_blank\" rel=\"noreferrer noopener\">Brasserie du Virage<\/a><br><a href=\"http:\/\/www.bonnettes.ch\/\" target=\"_blank\" rel=\"noreferrer noopener\">Domaine des Bonnettes<\/a><br><a href=\"https:\/\/champvigny.ch\/\" target=\"_blank\" rel=\"noreferrer noopener\">Domaine de Champvigny<\/a> (bio)<br><a href=\"https:\/\/closduchateau.ch\/\" target=\"_blank\" rel=\"noreferrer noopener\">Clos du Ch\u00e2teau<\/a> (bio)<br><a href=\"http:\/\/www.closdelazone.ch\/\" target=\"_blank\" rel=\"noreferrer noopener\">Clos de la Zone<\/a><br><a href=\"http:\/\/www.la-deviniere.ch\/\" target=\"_blank\" rel=\"noreferrer noopener\">Domaine de la Devini\u00e8re<\/a> (bio)<br><a href=\"http:\/\/vins.sydupraz.ch\/\" target=\"_blank\" rel=\"noreferrer noopener\">St\u00e9phane Dupraz<\/a><br><a href=\"http:\/\/www.domaine-dugerdil.ch\/\" target=\"_blank\" rel=\"noreferrer noopener\">Domaine Dugerdil Dardagny<\/a> (bio)<br><a href=\"https:\/\/domainedesesserts.ch\/\" target=\"_blank\" rel=\"noreferrer noopener\">Domaine des Esserts<\/a><br><a href=\"https:\/\/www.chateauleveque.ch\/\" target=\"_blank\" rel=\"noreferrer noopener\">Domaine Ch\u00e2teau l\u2019\u00c9v\u00eaque<\/a> (bio)<br><a href=\"https:\/\/grands-buissons.ch\/\" target=\"_blank\" rel=\"noreferrer noopener\">Domaine des Grands-Buissons<\/a><br>Domaine des Groubeaux (bio)<br><a href=\"http:\/\/www.domaineleshutins.ch\/\" target=\"_blank\" rel=\"noreferrer noopener\">Domaine Les Hutins<\/a> (bio)<br><a href=\"https:\/\/chateaudelaconnex.ch\/\" target=\"_blank\" rel=\"noreferrer noopener\">Ch\u00e2teau de Laconnex<\/a><br><a href=\"https:\/\/lolliets.ch\/\" target=\"_blank\" rel=\"noreferrer noopener\">Domaine des Lolliets<\/a> (bio)<br><a href=\"https:\/\/www.mermiere.ch\/\" target=\"_blank\" rel=\"noreferrer noopener\">Domaine de la Mermi\u00e8re<\/a> (bio)<br><a href=\"https:\/\/domainedemiolan.ch\/\" target=\"_blank\" rel=\"noreferrer noopener\">Domaine de Miolan<\/a> (bio)<br><a href=\"http:\/\/www.cave-des-oulaines.ch\/accueil.php\" target=\"_blank\" rel=\"noreferrer noopener\">Cave et domaine des Oulaines<\/a><br>Domaine de la Renardi\u00e8re (bio)<br><a href=\"https:\/\/roche1859.ch\/\" target=\"_blank\" rel=\"noreferrer noopener\">Domaine de la Roche<\/a><br><a href=\"https:\/\/domaine-des-rothis.ch\/?gclid=CjwKCAjw47eFBhA9EiwAy8kzNGk-c10yeF62W72iE_Z0Gogr8moFiKvL0Jeei5Ks7yWjGTArQu1wnhoC-uwQAvD_BwE\" target=\"_blank\" rel=\"noreferrer noopener\">Domaine des Rothis<\/a><br><a href=\"http:\/\/www.eaudevie.ch\/\" target=\"_blank\" rel=\"noreferrer noopener\">Distillerie de Saconnex d\u2019Arve<\/a><br><a href=\"https:\/\/www.lavigneblanche.ch\/\" target=\"_blank\" rel=\"noreferrer noopener\">Domaine de la Vigne Blanche<\/a> (bio)<\/p>\n<\/div>\n\n\n\n<div class=\"wp-block-column is-layout-flow wp-block-column-is-layout-flow\">\n<p><strong style=\"white-space: normal; color: rgb(0, 204, 153);\">Transformateurs et transformatrices<\/strong><\/p>\n\n\n\n<p><a href=\"https:\/\/boulangerie-de-peney.business.site\/?utm_source=gmb&amp;utm_medium=referral\" target=\"_blank\" rel=\"noreferrer noopener\">Boulangerie de Peney<\/a><a href=\"https:\/\/www.la-genevoise.ch\/\" target=\"_blank\" rel=\"noreferrer noopener\">La Genevoise du Terroir<\/a><br>Ginger fruit<br><a href=\"https:\/\/levain.ch\/\" target=\"_blank\" rel=\"noreferrer noopener\">Levain.ch<\/a><br><a href=\"https:\/\/mlleboulange.ch\/\" target=\"_blank\" rel=\"noreferrer noopener\">Mlle B<\/a><a href=\"https:\/\/lepaindujardin.ch\/\" target=\"_blank\" rel=\"noreferrer noopener\">Le Pain du Jardin<\/a><br><a href=\"http:\/\/www.vidonne.ch\/index\/boucheriedupalais-cotemarche\/bpmarche2017-V3.html\" target=\"_blank\" rel=\"noreferrer noopener\">La Boucherie du Palais<\/a><\/p>\n\n\n\n<p class=\"has-vivid-green-cyan-color has-text-color has-link-color wp-elements-b0833ad850c7908e41ed672fc6b0ef9a\"><strong>Restaurateurs et restauratrices<\/strong><\/p>\n\n\n\n<p><a href=\"http:\/\/www.vidonne.ch\/index.html\" target=\"_blank\" rel=\"noreferrer noopener\">Boucherie du Palais<\/a><br><a href=\"https:\/\/www.leboteco.ch\/\" target=\"_blank\" rel=\"noreferrer noopener\">Le Boteco<\/a><br><a href=\"http:\/\/lefix.ch\/le-cafe-mobile\/\" target=\"_blank\" rel=\"noreferrer noopener\">Le Fix Caf\u00e9 mobile<\/a><br><a href=\"https:\/\/www.gelato-mania.ch\/\" target=\"_blank\" rel=\"noreferrer noopener\">Gelato Mania<\/a><br><a href=\"https:\/\/www.gemusekebab.ch\/\" target=\"_blank\" rel=\"noreferrer noopener\">Gem\u00fcse Kebab<\/a><br><a href=\"https:\/\/www.mu-food.ch\/\" target=\"_blank\" rel=\"noreferrer noopener\">Mu-Food<\/a><br><a href=\"https:\/\/revolutionfood.ch\/\" target=\"_blank\" rel=\"noreferrer noopener\">Revolution Food<\/a><br><a href=\"http:\/\/laritournelle.ch\/\" target=\"_blank\" rel=\"noreferrer noopener\">La Ritournelle en Selle<\/a><br><a href=\"https:\/\/tonic-restaurant.ch\/\" target=\"_blank\" rel=\"noreferrer noopener\">Tonic<\/a><\/p>\n\n\n\n<p class=\"has-vivid-green-cyan-color has-text-color has-link-color wp-elements-090e3ebfa74f9a831568fd0464e7539e\"><strong>Associations et Institutions<\/strong><\/p>\n\n\n\n<p><a href=\"https:\/\/artichauts.ch\/\" target=\"_blank\" rel=\"noreferrer noopener\">Les Artichauts<\/a><br><a href=\"http:\/\/www.arve-ge.ch\/\" target=\"_blank\" rel=\"noreferrer noopener\">ARVe \u2013 Association pour la Reconversion Vivante des espaces<\/a><br><a href=\"https:\/\/lebocallocal.ch\/\" target=\"_blank\" rel=\"noreferrer noopener\">Le Bocal Local<\/a><br><a href=\"https:\/\/www.biogeneve.ch\/\" target=\"_blank\" rel=\"noreferrer noopener\">BioGen\u00e8ve<\/a>, association des productrices et producteurs bio genevois<br>Collectif B.R.E.A.D<br><a href=\"http:\/\/www.meyrin.ch\/fr\" target=\"_blank\" rel=\"noreferrer noopener\">Commune de Meyrin<\/a><br><a href=\"https:\/\/www.ville-ge.ch\/cjb\/\" target=\"_blank\" rel=\"noreferrer noopener\">Conservatoire et Jardin botaniques de la Ville de Gen\u00e8ve<\/a><br><a href=\"https:\/\/la-feve.ch\/\" target=\"_blank\" rel=\"noreferrer noopener\">La F\u00e8ve<\/a><br><a href=\"https:\/\/archedesabeilles.ch\/fondation\/\">Fondation Arche des Abeilles<\/a><br><a href=\"https:\/\/www.fourchetteverte.ch\/#news\" target=\"_blank\" rel=\"noreferrer noopener\">Fourchette verte<\/a><br><a href=\"https:\/\/www.fracp.ch\/\" target=\"_blank\" rel=\"noreferrer noopener\">FRACP \u2013 F\u00e9d\u00e9ration Romande d\u2019Agriculture Contractuelle de Proximit\u00e9<\/a><br><a href=\"https:\/\/www.frc.ch\/\" target=\"_blank\" rel=\"noreferrer noopener\">FRC \u2013 F\u00e9d\u00e9ration romande des consommateurs<\/a><br>GRAD<br><a href=\"https:\/\/www.jardinsdemamajah.ch\/\" target=\"_blank\" rel=\"noreferrer noopener\">Jardins de Mamajah<\/a><br><a href=\"https:\/\/mapc-ge.ch\/\" target=\"_blank\" rel=\"noreferrer noopener\">MAPC \u2013 Mouvement pour une agriculture citoyenne<\/a><br><a href=\"https:\/\/lenid.ch\/\" target=\"_blank\" rel=\"noreferrer noopener\">Le Nid<\/a><br><a href=\"https:\/\/www.openfoodswitzerland.ch\/\" target=\"_blank\" rel=\"noreferrer noopener\">Open Food Network CH<\/a><br><a href=\"https:\/\/www.prospecierara.ch\/fr.html\" target=\"_blank\" rel=\"noreferrer noopener\">ProSpecieRara<\/a><br><a href=\"https:\/\/www.restaurants-sensibles.ch\/\" target=\"_blank\" rel=\"noreferrer noopener\">Association Restaurants sensibles<\/a><br><a href=\"https:\/\/semencesdepays.ch\/\" target=\"_blank\" rel=\"noreferrer noopener\">Semences de pays<\/a><br><a href=\"https:\/\/www.slowfood.ch\/fr\/slow-food\" target=\"_blank\" rel=\"noreferrer noopener\">Slow Food<\/a><br><a href=\"https:\/\/www.swissfoodacademy.ch\/\" target=\"_blank\" rel=\"noreferrer noopener\">Swiss Food Academy<\/a><br><a href=\"https:\/\/www.meyrin.ch\/fr\" target=\"_blank\" rel=\"noreferrer noopener\">Ville de Meyrin<\/a><\/p>\n<\/div>\n<\/div>\n<\/div><\/div><\/div>\n\n\n\n<div class=\"wp-block-aab-accordion-item aagb__accordion_container panel\" tabindex=\"0\" style=\"border:1px solid #bcb6b638;border-radius:[object Object]px;margin-top:0px;margin-bottom:15px\"><div class=\"aagb__accordion_head aab_right_icon  \" data-active=\"false\" style=\"border-radius:[object Object]px [object Object]px 0 0;background-color:#bcb6b638;border-top:none;border-right:none;border-bottom:none;border-left:none\"><div class=\"aagb__accordion_heading aab_right_icon aagb_right_link\"><div class=\"head_content_wrapper\"><div class=\"title_wrapper\"><h5 class=\"aagb__accordion_title\" style=\"margin:0\">Participant\u00b7e\u00b7s 2020<\/h5><\/div><p class=\"aagb__accordion_subheading\" placeholder=\"\" style=\"margin:5px 0 0 0\"><\/p><\/div><\/div><div class=\"aagb__accordion_icon\"><div class=\"aagb__icon_dashicons_box\"><span class=\"aagb__icon dashicons dashicons-plus-alt2\" style=\"font-size:23px\"><\/span><\/div><\/div><\/div><div class=\"aagb__accordion_body   \" role=\"region\" style=\"border-radius:0 0 [object Object]px [object Object]px;background-color:[object Object];border-top:1px solid #bcb6b638;border-right:none;border-bottom:none;border-left:none\"><div class=\"aagb__accordion_component \">\n<div class=\"wp-block-columns is-layout-flex wp-container-core-columns-is-layout-9d6595d7 wp-block-columns-is-layout-flex\">\n<div class=\"wp-block-column is-layout-flow wp-block-column-is-layout-flow\">\n<p><a href=\"http:\/\/www.1001herbes.ch\/\" target=\"_blank\" rel=\"noreferrer noopener\">1001 Herbes<\/a> (bio)<br><a href=\"https:\/\/domainedelabbaye.ch\/\" target=\"_blank\" rel=\"noreferrer noopener\">Domaine de l\u2019Abbaye<\/a> (bio)<br><a href=\"http:\/\/www.absintissimo.ch\/\" target=\"_blank\" rel=\"noreferrer noopener\">Absintissimo<\/a><br><a href=\"https:\/\/www.aigues-vertes.ch\/\" target=\"_blank\" rel=\"noreferrer noopener\">Fondation Aigues-Vertes<\/a> (bio)<br><a href=\"https:\/\/www.cultureslocales.ch\/\" target=\"_blank\" rel=\"noreferrer noopener\">Cultures locales<\/a> (bio)<br>Gingerfruit<br><a href=\"https:\/\/ferme-jaquet.ch\/\">Ferme Jaquet<\/a> (bio)<br><a href=\"https:\/\/www.mermiere.ch\/\" target=\"_blank\" rel=\"noreferrer noopener\">Domaine de la Mermi\u00e8re<\/a><br><a href=\"http:\/\/www.cave-des-oulaines.ch\/accueil.php\" target=\"_blank\" rel=\"noreferrer noopener\">Cave et domaine des Oulaines<\/a><br><a href=\"http:\/\/www.vidonne.ch\/index\/boucheriedupalais-cotemarche\/bpmarche2017-V3.html\" target=\"_blank\" rel=\"noreferrer noopener\">La Boucherie du Palais<\/a><br><a href=\"http:\/\/www.leroussillon.ch\/\">Roussillon Fleurs<\/a> (bio)<br><a href=\"https:\/\/www.pepinieresgenevoises.ch\/site\/\">P\u00e9pini\u00e8res Genevoises<\/a><br><a href=\"https:\/\/www.la-genevoise.ch\/\" target=\"_blank\" rel=\"noreferrer noopener\">La Genevoise du Terroir<\/a><br><a href=\"https:\/\/umg.ch\/\" target=\"_blank\" rel=\"noreferrer noopener\">Union Maraich\u00e8re de Gen\u00e8ve \u2013 UMG<\/a><br><a href=\"https:\/\/boulangerie-de-peney.business.site\/?utm_source=gmb&amp;utm_medium=referral\" target=\"_blank\" rel=\"noreferrer noopener\">Boulangerie de Peney<\/a><br><a href=\"https:\/\/levain.ch\/\" target=\"_blank\" rel=\"noreferrer noopener\">Levain<\/a><br><a href=\"https:\/\/www.mielsdestephanie.ch\/\">Les miels de St\u00e9phanie<\/a> (bio)<br><a href=\"https:\/\/archedesabeilles.ch\/fondation\/\">Fondation Arche des Abeilles<\/a><br><a href=\"http:\/\/www.bonnettes.ch\/\" target=\"_blank\" rel=\"noreferrer noopener\">Domaine des Bonnettes<\/a><br><a href=\"http:\/\/www.la-deviniere.ch\/\" target=\"_blank\" rel=\"noreferrer noopener\">Domaine de La Devini\u00e8re<\/a> (bio)<br><a href=\"http:\/\/www.domaine-dugerdil.ch\/\" target=\"_blank\" rel=\"noreferrer noopener\">Domaine Dugerdil Dardagny<\/a> (bio)<br><a href=\"http:\/\/vins.sydupraz.ch\/\">St\u00e9phane Dupraz<\/a><br><a href=\"http:\/\/www.domaineleshutins.ch\/\">Domaine Les Hutins<\/a> (bio)<br><a href=\"http:\/\/www.absintissimo.ch\/\" target=\"_blank\" rel=\"noreferrer noopener\">Absintissimo<\/a><br><a href=\"https:\/\/www.lagneauatroispattes.ch\/\">Brasserie l\u2019Agneau \u00e0 Trois Pattes<\/a><br><a href=\"http:\/\/niton.beer\/\">Bi\u00e8res du Niton<\/a><br><a href=\"http:\/\/www.perejakob.ch\/\">Brasserie du P\u00e8re Jakob<\/a><\/p>\n<\/div>\n\n\n\n<div class=\"wp-block-column is-layout-flow wp-block-column-is-layout-flow\">\n<p class=\"has-vivid-green-cyan-color has-text-color has-link-color wp-elements-c103e69faac107588263900fa0881edc\"><strong><strong>Association<\/strong><\/strong>s<\/p>\n\n\n\n<p><a href=\"https:\/\/www.apres-ge.ch\/\">Apr\u00e8s-GE \u2013 Chambre de l&rsquo;\u00e9conomie sociale et solidaire<\/a><br><a href=\"https:\/\/www.biogeneve.ch\/\">BioGen\u00e8ve<\/a><br><a href=\"https:\/\/www.facebook.com\/Lebocallocalgeneve\/\">Le Bocal local<\/a><br><a href=\"https:\/\/diabete-geneve.ch\/\">diab\u00e8te-gen\u00e8ve<\/a><br><a href=\"https:\/\/www.frc.ch\/\">FRC \u2014 La F\u00e9d\u00e9ration romande des consommateurs<\/a><br><a href=\"https:\/\/www.fourchetteverte.ch\/\" target=\"_blank\" rel=\"noreferrer noopener\">Fourchette Verte<\/a><br><a href=\"https:\/\/www.espace-terroir.ch\/\">Espace Terroir<\/a><br><a href=\"https:\/\/la-feve.ch\/\">La F\u00e8ve \u2013 Supermarch\u00e9 participatif paysan<\/a><br><a href=\"https:\/\/www.grad-s.net\/\">GRAD \u2014 Groupe de&nbsp;R\u00e9alisations et d&rsquo;Accompagnement pour&nbsp;le&nbsp;D\u00e9veloppement<\/a><br><a href=\"https:\/\/mapc-ge.ch\/\">MAPC \u2014 Mouvement pour une agriculture paysanne citoyenne<\/a><br><a href=\"https:\/\/lenid.ch\/\">Le Nid<\/a><br><a href=\"https:\/\/www.restaurants-sensibles.ch\/\" target=\"_blank\" rel=\"noreferrer noopener\">Restaurants Sensibles<\/a><br><a href=\"https:\/\/www.slowfood.ch\/fr\/slow-food\" target=\"_blank\" rel=\"noreferrer noopener\">Slow Food<\/a><br><a href=\"https:\/\/swissfoodacademy.ch\/\" target=\"_blank\" rel=\"noreferrer noopener\">Swiss Food Academy<\/a><\/p>\n<\/div>\n<\/div>\n<\/div><\/div><\/div>\n\n\n\n<div class=\"wp-block-aab-accordion-item aagb__accordion_container panel\" tabindex=\"0\" style=\"border:1px solid #bcb6b638;border-radius:[object Object]px;margin-top:0px;margin-bottom:15px\"><div class=\"aagb__accordion_head aab_right_icon  \" data-active=\"false\" style=\"border-radius:[object Object]px [object Object]px 0 0;background-color:#bcb6b638;border-top:none;border-right:none;border-bottom:none;border-left:none\"><div class=\"aagb__accordion_heading aab_right_icon aagb_right_link\"><div class=\"head_content_wrapper\"><div class=\"title_wrapper\"><h5 class=\"aagb__accordion_title\" style=\"margin:0\">Participant\u00b7e\u00b7s 2019<\/h5><\/div><p class=\"aagb__accordion_subheading\" placeholder=\"\" style=\"margin:5px 0 0 0\"><\/p><\/div><\/div><div class=\"aagb__accordion_icon\"><div class=\"aagb__icon_dashicons_box\"><span class=\"aagb__icon dashicons dashicons-plus-alt2\" style=\"font-size:23px\"><\/span><\/div><\/div><\/div><div class=\"aagb__accordion_body   \" role=\"region\" style=\"border-radius:0 0 [object Object]px [object Object]px;background-color:[object Object];border-top:1px solid #bcb6b638;border-right:none;border-bottom:none;border-left:none\"><div class=\"aagb__accordion_component \">\n<div class=\"wp-block-columns is-layout-flex wp-container-core-columns-is-layout-9d6595d7 wp-block-columns-is-layout-flex\">\n<div class=\"wp-block-column is-layout-flow wp-block-column-is-layout-flow\">\n<p class=\"has-vivid-green-cyan-color has-text-color has-link-color wp-elements-6a47e26700935c8c88270e606b8926ac\"><strong>Producteurs et productrices<\/strong><\/p>\n\n\n\n<p><a href=\"http:\/\/www.1001herbes.ch\/\" target=\"_blank\" rel=\"noreferrer noopener\">1001 Herbes<\/a> (bio)<br><a href=\"http:\/\/www.absintissimo.ch\/\" target=\"_blank\" rel=\"noreferrer noopener\">Absintissimo<\/a><br><a href=\"https:\/\/www.aigues-vertes.ch\/\" target=\"_blank\" rel=\"noreferrer noopener\">Aigues-Vertes<\/a> (bio)<br><a href=\"http:\/\/www.vidonne.ch\/index\/boucheriedupalais-cotemarche\/bpmarche2017-V3.html\" target=\"_blank\" rel=\"noreferrer noopener\">Boucherie du Palais<\/a><br><a href=\"http:\/\/www.cave-des-oulaines.ch\/accueil.php\" target=\"_blank\" rel=\"noreferrer noopener\">Cave et domaine Les Oulaines<\/a><br><a href=\"https:\/\/www.ville-ge.ch\/cjb\/\" target=\"_blank\" rel=\"noreferrer noopener\">Conservatoire et jardin botaniques<\/a> (bio)<br><a href=\"https:\/\/www.cultureslocales.ch\/\" target=\"_blank\" rel=\"noreferrer noopener\">Cultures locales<\/a> (bio)<br><a href=\"https:\/\/domainedelabbaye.ch\/\" target=\"_blank\" rel=\"noreferrer noopener\">Domaine de l\u2019Abbaye<\/a> (bio)<br><a href=\"https:\/\/www.touviere.ch\/\">Domaine de la Touvi\u00e8re<\/a> (bio)<br><a href=\"http:\/\/www.lafermedumonniati.ch\/\" target=\"_blank\" rel=\"noreferrer noopener\">Ferme du Monniati<\/a> (bio)<br>Ferme Stalder (bio)<br><a href=\"https:\/\/www.la-genevoise.ch\/\" target=\"_blank\" rel=\"noreferrer noopener\">La Genevoise du Terroir<\/a><br>Ginger Fruits<br><a href=\"https:\/\/semencesdepays.ch\/\" target=\"_blank\" rel=\"noreferrer noopener\">Semence de Pays<\/a> (bio)<br><a href=\"https:\/\/umg.ch\/\" target=\"_blank\" rel=\"noreferrer noopener\">Union Maraich\u00e8re de Gen\u00e8ve \u2013 <\/a><a href=\"https:\/\/umg.ch\/\" target=\"_blank\" rel=\"noreferrer noopener\">UMG<\/a><\/p>\n\n\n\n<p class=\"has-vivid-green-cyan-color has-text-color has-link-color wp-elements-37c2d7e975b338ea8ddea5c1226a96e8\"><strong>Vigneron\u00b7ne\u00b7s, brasseries et distillerie<\/strong><\/p>\n\n\n\n<p><a href=\"https:\/\/www.chateaudelaconnex.ch\/\" target=\"_blank\" rel=\"noreferrer noopener\">Ch\u00e2teau de Laconnex<\/a><br><a href=\"http:\/\/www.bonnettes.ch\/\" target=\"_blank\" rel=\"noreferrer noopener\">Domaine des Bonnettes<\/a><br><a href=\"https:\/\/www.chateauleveque.ch\/\" target=\"_blank\" rel=\"noreferrer noopener\">Domaine Ch\u00e2teau L\u2019Ev\u00eaque<\/a> (bio)<br><a href=\"https:\/\/www.chambet.ch\/le-domaine\" target=\"_blank\" rel=\"noreferrer noopener\">Domaine de Chambet<\/a> (bio)<br><a href=\"http:\/\/closduchateau.ch\/\" target=\"_blank\" rel=\"noreferrer noopener\">Domaine du Clos du Ch\u00e2teau<\/a> (bio)<br><a href=\"https:\/\/www.closdespins.ch\/\" target=\"_blank\" rel=\"noreferrer noopener\">Domaine du Clos des Pins<\/a><br><a href=\"http:\/\/www.la-deviniere.ch\/\" target=\"_blank\" rel=\"noreferrer noopener\">Domaine de La Devini\u00e8re<\/a> (bio)<br><a href=\"http:\/\/www.domaine-dugerdil.ch\/\" target=\"_blank\" rel=\"noreferrer noopener\">Domaine Dugerdil Dardagny<\/a><br><a href=\"http:\/\/www.domainedesesserts.ch\/\" target=\"_blank\" rel=\"noreferrer noopener\">Domaine des Esserts<\/a><br><a href=\"https:\/\/www.domaine-groubeaux-kohli.ch\/\" target=\"_blank\" rel=\"noreferrer noopener\">Domaine des Groubeaux<\/a> (bio)<br><a href=\"https:\/\/www.mermiere.ch\/\" target=\"_blank\" rel=\"noreferrer noopener\">Domaine de la Mermi\u00e8re<\/a><br><a href=\"https:\/\/www.facebook.com\/ABIGeneve\/\" target=\"_blank\" rel=\"noreferrer noopener\">ABIG &#8211; Association des Brasseries Ind\u00e9pendantes de Gen\u00e8ve<\/a><br><a href=\"http:\/\/www.perejakob.ch\/\">La brasserie du P\u00e8re Jacob<\/a><br><a href=\"https:\/\/www.lapiece.ch\/\" target=\"_blank\" rel=\"noreferrer noopener\">Brasserie de la Pi\u00e8ce<\/a><br><a href=\"http:\/\/www.virage.beer\/\">Brasserie du Virage<\/a><br><a href=\"http:\/\/www.eaudevie.ch\/\" target=\"_blank\" rel=\"noreferrer noopener\">La Distillerie de Saconnex-d\u2019Arve<\/a><\/p>\n<\/div>\n\n\n\n<div class=\"wp-block-column is-layout-flow wp-block-column-is-layout-flow\">\n<p><strong style=\"white-space: normal; color: rgb(0, 204, 153);\">Transformateurs et transformatrices<\/strong><\/p>\n\n\n\n<p><a href=\"https:\/\/www.facebook.com\/LeonhardBretzel\/\" target=\"_blank\" rel=\"noreferrer noopener\">Boulangerie Leonhard Bretzel<\/a><br><a href=\"http:\/\/www.affairetournereve.ch\/\" target=\"_blank\" rel=\"noreferrer noopener\">L\u2019affaire TourneR\u00eave<\/a><br><a href=\"http:\/\/www.lepaindujardin.ch\/\" target=\"_blank\" rel=\"noreferrer noopener\">Le Pain du Jardin<\/a><br><a href=\"https:\/\/www.facebook.com\/arnaudloisel04\/\" target=\"_blank\" rel=\"noreferrer noopener\">Boulangerie de Peney<\/a><br><a href=\"https:\/\/levain.ch\/\" target=\"_blank\" rel=\"noreferrer noopener\">Levain<\/a><\/p>\n\n\n\n<p class=\"has-vivid-green-cyan-color has-text-color has-link-color wp-elements-b0833ad850c7908e41ed672fc6b0ef9a\"><strong>Restaurateurs et restauratrices<\/strong><\/p>\n\n\n\n<p><a href=\"http:\/\/www.vidonne.ch\/index.html\" target=\"_blank\" rel=\"noreferrer noopener\">Boucherie du Palais<\/a><br><a href=\"https:\/\/www.mu-food.ch\/\" target=\"_blank\" rel=\"noreferrer noopener\">Mu-Food<\/a><br><a href=\"http:\/\/revolutionfood.ch\/\" target=\"_blank\" rel=\"noreferrer noopener\">Revolution Food<\/a><br><a href=\"http:\/\/laritournelle.ch\/\" target=\"_blank\" rel=\"noreferrer noopener\">La Ritournelle<\/a><br><a href=\"https:\/\/tonic-restaurant.ch\/\" target=\"_blank\" rel=\"noreferrer noopener\">Tonic<\/a><br><a href=\"http:\/\/lefix.ch\/le-cafe-mobile\/\" target=\"_blank\" rel=\"noreferrer noopener\">Le Fix Caf\u00e9 mobile<\/a><br><a href=\"http:\/\/www.gelato-mania.ch\/\" target=\"_blank\" rel=\"noreferrer noopener\">Gelato-mania<\/a><\/p>\n\n\n\n<p class=\"has-vivid-green-cyan-color has-text-color has-link-color wp-elements-a77686504933f3674025280d234ab4cd\"><strong><strong><strong>Animations &amp; Stands d\u2019informations<\/strong><\/strong><\/strong><\/p>\n\n\n\n<p>Tours en cal\u00e8che: Laure et Francis Chavaz<br><a href=\"https:\/\/demeter.ch\/fr\/\" target=\"_blank\" rel=\"noreferrer noopener\">Demeter<\/a><br><a href=\"https:\/\/www.espace-terroir.ch\/\" target=\"_blank\" rel=\"noreferrer noopener\">Espace Terroir<\/a><br><a href=\"https:\/\/www.fourchetteverte.ch\/\" target=\"_blank\" rel=\"noreferrer noopener\">Fourchette Verte<\/a><br><a href=\"http:\/\/the-meal.net\/\" target=\"_blank\" rel=\"noreferrer noopener\">The Meal \/ un repas pour notre avenir<\/a><br><a href=\"https:\/\/www.slowfood.ch\/fr\/slow-food\" target=\"_blank\" rel=\"noreferrer noopener\">Slow Food<\/a><br><a href=\"https:\/\/swissfoodacademy.ch\/\" target=\"_blank\" rel=\"noreferrer noopener\">Swiss Food Academy<\/a><br><a href=\"https:\/\/www.restaurants-sensibles.ch\/\" target=\"_blank\" rel=\"noreferrer noopener\">Restaurants Sensibles<\/a><\/p>\n<\/div>\n<\/div>\n<\/div><\/div><\/div>\n<\/div>\n","protected":false},"excerpt":{"rendered":"","protected":false},"author":1,"featured_media":0,"parent":0,"menu_order":2,"comment_status":"closed","ping_status":"closed","template":"","meta":{"_acf_changed":false,"pgc_sgb_lightbox_settings":"","footnotes":""},"class_list":["post-29955","page","type-page","status-publish","hentry"],"acf":[],"_links":{"self":[{"href":"https:\/\/www.davidprego.ch\/festi\/wp-json\/wp\/v2\/pages\/29955","targetHints":{"allow":["GET"]}}],"collection":[{"href":"https:\/\/www.davidprego.ch\/festi\/wp-json\/wp\/v2\/pages"}],"about":[{"href":"https:\/\/www.davidprego.ch\/festi\/wp-json\/wp\/v2\/types\/page"}],"author":[{"embeddable":true,"href":"https:\/\/www.davidprego.ch\/festi\/wp-json\/wp\/v2\/users\/1"}],"replies":[{"embeddable":true,"href":"https:\/\/www.davidprego.ch\/festi\/wp-json\/wp\/v2\/comments?post=29955"}],"version-history":[{"count":41,"href":"https:\/\/www.davidprego.ch\/festi\/wp-json\/wp\/v2\/pages\/29955\/revisions"}],"predecessor-version":[{"id":30735,"href":"https:\/\/www.davidprego.ch\/festi\/wp-json\/wp\/v2\/pages\/29955\/revisions\/30735"}],"wp:attachment":[{"href":"https:\/\/www.davidprego.ch\/festi\/wp-json\/wp\/v2\/media?parent=29955"}],"curies":[{"name":"wp","href":"https:\/\/api.w.org\/{rel}","templated":true}]}}