{"id":30034,"date":"2024-08-22T17:25:15","date_gmt":"2024-08-22T15:25:15","guid":{"rendered":"https:\/\/www.festiterroir.ch\/?page_id=30034"},"modified":"2025-06-13T18:47:47","modified_gmt":"2025-06-13T16:47:47","slug":"conferences-2024","status":"publish","type":"page","link":"https:\/\/www.davidprego.ch\/festi\/archives\/conferences-2024\/","title":{"rendered":"Conf\u00e9rences 2024"},"content":{"rendered":"\n<div class=\"wp-block-group\"><div class=\"wp-block-group__inner-container is-layout-constrained wp-block-group-is-layout-constrained\">\n<div class=\"wp-block-columns is-layout-flex wp-container-core-columns-is-layout-9d6595d7 wp-block-columns-is-layout-flex\">\n<div class=\"wp-block-column is-layout-flow wp-block-column-is-layout-flow\">\n<div class=\"wp-block-buttons is-content-justification-space-between is-layout-flex wp-container-core-buttons-is-layout-3d213aab wp-block-buttons-is-layout-flex\">\n<div class=\"wp-block-button has-custom-width wp-block-button__width-100 is-style-fill\"><a class=\"wp-block-button__link has-light-green-cyan-background-color has-background has-medium-font-size has-text-align-center has-custom-font-size wp-element-button\" href=\"..\/festiterroir-2024-bilan\/\" style=\"border-radius:0px\"><strong>2024<\/strong><\/a><\/div>\n<\/div>\n<\/div>\n\n\n\n<div class=\"wp-block-column is-layout-flow wp-block-column-is-layout-flow\">\n<div class=\"wp-block-buttons is-content-justification-space-between is-layout-flex wp-container-core-buttons-is-layout-3d213aab wp-block-buttons-is-layout-flex\">\n<div class=\"wp-block-button has-custom-width wp-block-button__width-100\"><a class=\"wp-block-button__link has-light-green-cyan-background-color has-background has-medium-font-size has-custom-font-size wp-element-button\" href=\"..\/festiterroir-2023-bilan\/\" style=\"border-radius:0px\"><strong>2023<\/strong><\/a><\/div>\n<\/div>\n<\/div>\n\n\n\n<div class=\"wp-block-column is-layout-flow wp-block-column-is-layout-flow\">\n<div class=\"wp-block-buttons is-content-justification-space-between is-layout-flex wp-container-core-buttons-is-layout-3d213aab wp-block-buttons-is-layout-flex\">\n<div class=\"wp-block-button has-custom-width wp-block-button__width-100\"><a class=\"wp-block-button__link has-light-green-cyan-background-color has-background has-medium-font-size has-custom-font-size wp-element-button\" href=\"..\/festiterroir-2022-bilan\/\" style=\"border-radius:0px\"><strong>2022<\/strong><\/a><\/div>\n<\/div>\n<\/div>\n<\/div>\n\n\n\n<div class=\"wp-block-columns is-layout-flex wp-container-core-columns-is-layout-9d6595d7 wp-block-columns-is-layout-flex\">\n<div class=\"wp-block-column is-layout-flow wp-block-column-is-layout-flow\">\n<div class=\"wp-block-buttons is-content-justification-space-between is-layout-flex wp-container-core-buttons-is-layout-3d213aab wp-block-buttons-is-layout-flex\">\n<div class=\"wp-block-button has-custom-width wp-block-button__width-100\"><a class=\"wp-block-button__link has-light-green-cyan-background-color has-background has-medium-font-size has-custom-font-size wp-element-button\" href=\"..\/festiterroir-2021\/\" style=\"border-radius:0px\"><strong>2021<\/strong><\/a><\/div>\n<\/div>\n<\/div>\n\n\n\n<div class=\"wp-block-column is-layout-flow wp-block-column-is-layout-flow\">\n<div class=\"wp-block-buttons is-content-justification-space-between is-layout-flex wp-container-core-buttons-is-layout-3d213aab wp-block-buttons-is-layout-flex\">\n<div class=\"wp-block-button has-custom-width wp-block-button__width-100\"><a class=\"wp-block-button__link has-light-green-cyan-background-color has-background has-medium-font-size has-custom-font-size wp-element-button\" href=\"..\/festiterroir-2020\/\" style=\"border-radius:0px\"><strong>2020<\/strong><\/a><\/div>\n<\/div>\n<\/div>\n\n\n\n<div class=\"wp-block-column is-layout-flow wp-block-column-is-layout-flow\">\n<div class=\"wp-block-buttons is-content-justification-space-between is-layout-flex wp-container-core-buttons-is-layout-3d213aab wp-block-buttons-is-layout-flex\">\n<div class=\"wp-block-button has-custom-width wp-block-button__width-100\"><a class=\"wp-block-button__link has-light-green-cyan-background-color has-background has-medium-font-size has-custom-font-size wp-element-button\" href=\"..\/festiterroir-2019\/\" style=\"border-radius:0px\"><strong>2019<\/strong><\/a><\/div>\n<\/div>\n<\/div>\n<\/div>\n<\/div><\/div>\n\n\n\n<p><strong style=\"color: #00cc99;\">Cette ann\u00e9e, une s\u00e9rie de mini-conf\u00e9rences donn\u00e9es par un\u00b7e expert\u00b7e de l\u2019alimentation durable ou un\u00b7e repr\u00e9sentant\u00b7e de l\u2019agriculture locale ont \u00e9t\u00e9 donn\u00e9es:<\/strong>&nbsp;<\/p>\n\n\n\n<p><strong style=\"color: #00cc99;\">Programme<\/strong><\/p>\n\n\n\n<p><strong style=\"color: #00cc99;\">Samedi 30 ao\u00fbt<\/strong><\/p>\n\n\n\n<p><strong style=\"color: #00cc99;\">11h00<\/strong><br><strong><em>La lutte biologique en agriculture<\/em><\/strong><br>avec Fran\u00e7ois Lefort, responsable fili\u00e8re agronomie \u00e0 l\u2019HEPIA \u2013 Haute \u00e9cole du paysage, d&rsquo;ing\u00e9nierie et d&rsquo;architecture de Gen\u00e8ve<br><strong style=\"color: #00cc99;\">11h30<\/strong><br><em><strong>R\u00e9alit\u00e9s et enjeux de la production biologique genevoise<\/strong> <\/em><\/p>\n\n\n\n<p>avec Rudi Berli, producteur aux <em>Jardins de Cocagne<\/em> et membre des comit\u00e9s d\u2019Uniterre et BioGen\u00e8ve<\/p>\n\n\n\n<p><strong style=\"color: #00cc99;\">14h00<\/strong><br><em><strong>La traction animale dans l\u2019agriculture<\/strong><\/em><br>avec Kim Salt de <em>Trait local<\/em><br><strong style=\"color: #00cc99;\">14h30<\/strong><br><em><strong>L\u2019agriculture genevoise en marche pour la transition; quel r\u00f4le pour l\u2019\u00c9tat?<\/strong> <\/em><br>avec Valentina Hemmeler, directrice de l\u2019Office cantonal de l\u2019agriculture \u2013 OCAN<br><strong style=\"color: #00cc99;\">15h00<\/strong><br><em><strong>Exemple d&rsquo;une fili\u00e8re artisanale et locale de pain \u00e0 Gen\u00e8ve: Le Pain du Jardin<\/strong><\/em><br>avec <em>Le Pain du Jardin<\/em>, boulangerie \u00e0 Meynier<br><strong style=\"color: #00cc99;\">15h30<\/strong><br><em><strong>De la viande locale en direct des \u00e9leveurs<\/strong><\/em><br>avec Meaty, viande genevoise<\/p>\n\n\n\n<p><strong style=\"color: #3366ff;\">Dimanche 01 septembre<\/strong><\/p>\n\n\n\n<p><strong style=\"color: #00cc99;\">10h30<\/strong><br><em><strong>Eveiller l\u2019alimentation durable chez les enfants<\/strong><\/em><br>avec Maria Retamales, directrice de <em>Swissfood Academy<\/em><br><strong style=\"color: #00cc99;\">12h00<\/strong><br><em><strong>Tout savoir sur les prot\u00e9ines v\u00e9g\u00e9tales<\/strong><\/em><br>avec R\u00e9mi Tranchida, chef de cuisine<br><strong style=\"color: #00cc99;\">13h30<\/strong><br><strong><em>Une strat\u00e9gie alimentaire durable pour le territoire genevois<\/em><\/strong><br>Avec Guillaume Lambert, secr\u00e9taire g\u00e9n\u00e9ral de <em>ma-terre<\/em>, la Maison de l\u2019Alimentation du Territoire de Gen\u00e8ve<br><strong style=\"color: #00cc99;\">14h00<\/strong><br><strong><em>S\u2019abonner \u00e0 un panier de l\u00e9gumes locaux: comment \u00e7a marche?<\/em> <\/strong><br>Avec Ga\u00eblle Bigler, sp\u00e9cialiste en circuits courts<br><strong style=\"color: #00cc99;\">14h30<\/strong><br><strong><em>Les c\u00e9r\u00e9ales et leur transformation, du petit-d\u00e9jeuner \u00e0 l\u2019ap\u00e9ro&nbsp;<\/em><\/strong><br>Avec Martial L\u00e4ser, Domaine de l&rsquo;Abbaye<br><strong style=\"color: #00cc99;\">16h00<\/strong><br><strong><em>Les \u00e9piceries de quartier, mieux que les \u201cg\u00e9ants oranges\u201d!<\/em><\/strong><br>Avec les \u00e9piceries Le Nid et l\u2019Arcade<\/p>\n","protected":false},"excerpt":{"rendered":"<p>Cette ann\u00e9e, une s\u00e9rie de mini-conf\u00e9rences donn\u00e9es par un\u00b7e expert\u00b7e de l\u2019alimentation durable ou un\u00b7e repr\u00e9sentant\u00b7e de l\u2019agriculture locale ont \u00e9t\u00e9 donn\u00e9es:&nbsp; Programme Samedi 30 ao\u00fbt 11h00La lutte biologique en agricultureavec Fran\u00e7ois Lefort, responsable fili\u00e8re agronomie \u00e0 l\u2019HEPIA \u2013 Haute \u00e9cole du paysage, d&rsquo;ing\u00e9nierie et&nbsp;&hellip;<\/p>\n","protected":false},"author":1,"featured_media":0,"parent":30472,"menu_order":31,"comment_status":"closed","ping_status":"closed","template":"","meta":{"_acf_changed":false,"pgc_sgb_lightbox_settings":"","footnotes":""},"class_list":["post-30034","page","type-page","status-publish","hentry"],"acf":[],"_links":{"self":[{"href":"https:\/\/www.davidprego.ch\/festi\/wp-json\/wp\/v2\/pages\/30034","targetHints":{"allow":["GET"]}}],"collection":[{"href":"https:\/\/www.davidprego.ch\/festi\/wp-json\/wp\/v2\/pages"}],"about":[{"href":"https:\/\/www.davidprego.ch\/festi\/wp-json\/wp\/v2\/types\/page"}],"author":[{"embeddable":true,"href":"https:\/\/www.davidprego.ch\/festi\/wp-json\/wp\/v2\/users\/1"}],"replies":[{"embeddable":true,"href":"https:\/\/www.davidprego.ch\/festi\/wp-json\/wp\/v2\/comments?post=30034"}],"version-history":[{"count":18,"href":"https:\/\/www.davidprego.ch\/festi\/wp-json\/wp\/v2\/pages\/30034\/revisions"}],"predecessor-version":[{"id":30685,"href":"https:\/\/www.davidprego.ch\/festi\/wp-json\/wp\/v2\/pages\/30034\/revisions\/30685"}],"up":[{"embeddable":true,"href":"https:\/\/www.davidprego.ch\/festi\/wp-json\/wp\/v2\/pages\/30472"}],"wp:attachment":[{"href":"https:\/\/www.davidprego.ch\/festi\/wp-json\/wp\/v2\/media?parent=30034"}],"curies":[{"name":"wp","href":"https:\/\/api.w.org\/{rel}","templated":true}]}}