{"id":36,"date":"2017-02-16T09:13:19","date_gmt":"2017-02-16T08:13:19","guid":{"rendered":"http:\/\/mxajfmgl.preview.infomaniak.website\/?page_id=36"},"modified":"2025-07-01T20:52:34","modified_gmt":"2025-07-01T18:52:34","slug":"home","status":"publish","type":"page","link":"https:\/\/www.davidprego.ch\/festi\/","title":{"rendered":"SAVE THE DATE!"},"content":{"rendered":"\n<p><\/p>\n\n\n<div class=\"wp-block-image\">\n<figure class=\"alignleft\"><img loading=\"lazy\" decoding=\"async\" width=\"2048\" height=\"819\" src=\"https:\/\/www.davidprego.ch\/festi\/wp-content\/uploads\/2025\/06\/FT_25_SaveTheDate-2048x819-1.jpg\" alt=\"\" class=\"wp-image-30695\" srcset=\"https:\/\/www.davidprego.ch\/festi\/wp-content\/uploads\/2025\/06\/FT_25_SaveTheDate-2048x819-1.jpg 2048w, https:\/\/www.davidprego.ch\/festi\/wp-content\/uploads\/2025\/06\/FT_25_SaveTheDate-2048x819-1-300x120.jpg 300w, https:\/\/www.davidprego.ch\/festi\/wp-content\/uploads\/2025\/06\/FT_25_SaveTheDate-2048x819-1-1024x410.jpg 1024w, https:\/\/www.davidprego.ch\/festi\/wp-content\/uploads\/2025\/06\/FT_25_SaveTheDate-2048x819-1-768x307.jpg 768w, https:\/\/www.davidprego.ch\/festi\/wp-content\/uploads\/2025\/06\/FT_25_SaveTheDate-2048x819-1-1536x614.jpg 1536w, https:\/\/www.davidprego.ch\/festi\/wp-content\/uploads\/2025\/06\/FT_25_SaveTheDate-2048x819-1-24x10.jpg 24w, https:\/\/www.davidprego.ch\/festi\/wp-content\/uploads\/2025\/06\/FT_25_SaveTheDate-2048x819-1-36x14.jpg 36w, https:\/\/www.davidprego.ch\/festi\/wp-content\/uploads\/2025\/06\/FT_25_SaveTheDate-2048x819-1-48x19.jpg 48w\" sizes=\"auto, (max-width: 2048px) 100vw, 2048px\" \/><\/figure><\/div>\n\n\n<p><\/p>\n\n\n\n<p><br>L\u2019\u00e9dition 2025 de Festi\u2019Terroir aura lieu du 29 au 31 ao\u00fbt dans le Parc des Bastions, \u00e0 Gen\u00e8ve.<br>Retrouvez la richesse et la diversit\u00e9 du terroir genevois le temps d\u2019un week-end.<\/p>\n\n\n\n<p class=\"has-vivid-cyan-blue-color has-text-color has-link-color wp-elements-3d30471155bdca5e74d1451020dae3b3\"><strong>Vendredi 29 ao\u00fbt<\/strong><br>17h\u201322h<\/p>\n\n\n\n<p class=\"has-vivid-cyan-blue-color has-text-color has-link-color wp-elements-117673de9ddd54695d4e77be08ad0a53\"><strong>Samedi 30 ao\u00fbt<\/strong><br>10h\u201322h (march\u00e9 jusqu\u2019\u00e0 19h, restauration &amp; concerts jusqu\u2019\u00e0 22h)<\/p>\n\n\n\n<p class=\"has-vivid-cyan-blue-color has-text-color has-link-color wp-elements-026068e3896b7fd49c32e904446a4434\"><strong>Dimanche 31 ao\u00fbt<\/strong><br>10h\u201317h<br><\/p>\n\n\n\n<p>Festi\u2019Terroir est organis\u00e9 par la Ville de Gen\u00e8ve, BioGen\u00e8ve et Gen\u00e8ve Terroir.<br><br>Avec le soutien <a href=\"https:\/\/www.bio-suisse.ch\/fr.html\" target=\"_blank\" rel=\"noopener\">BioSuisse<\/a>, de la <a href=\"https:\/\/www.ge.ch\/dossier\/durabilite-climat\" target=\"_blank\" rel=\"noopener\">R\u00e9publique et canton de Gen\u00e8ve \u2013 Direction de la durabilit\u00e9 et du climat<\/a>, des <a href=\"https:\/\/ww2.sig-ge.ch\/\" target=\"_blank\" rel=\"noopener\">SIG \u2013 Services Industriels de Gen\u00e8ve<\/a>, de la <a href=\"https:\/\/www.lancy.ch\/\" target=\"_blank\" rel=\"noopener\">Ville de Lancy<\/a>, de la <a href=\"https:\/\/www.carouge.ch\/\" data-type=\"link\" data-id=\"https:\/\/www.carouge.ch\/\" target=\"_blank\" rel=\"noreferrer noopener\">Ville de Carouge<\/a>, de la <a href=\"https:\/\/www.onex.ch\/\" data-type=\"link\" data-id=\"https:\/\/www.onex.ch\/\" target=\"_blank\" rel=\"noreferrer noopener\">Ville d\u2019Onex<\/a>, de la <a href=\"https:\/\/www.lancy.ch\/\" data-type=\"link\" data-id=\"https:\/\/www.lancy.ch\/\" target=\"_blank\" rel=\"noreferrer noopener\">Ville de Lancy<\/a>, de la <a href=\"https:\/\/www.vernier.ch\/\" data-type=\"link\" data-id=\"https:\/\/www.vernier.ch\/\" target=\"_blank\" rel=\"noreferrer noopener\">Ville de Vernier<\/a>, de la <a href=\"https:\/\/www.bernex.ch\/\" data-type=\"link\" data-id=\"https:\/\/www.bernex.ch\/\" target=\"_blank\" rel=\"noreferrer noopener\">Commune de Bernex<\/a>, de la <a href=\"https:\/\/meyrin.ch\/fr\" data-type=\"link\" data-id=\"https:\/\/meyrin.ch\/fr\" target=\"_blank\" rel=\"noreferrer noopener\">Commune de Meyrin<\/a>, de la <a href=\"https:\/\/www.soral.ch\/\" data-type=\"link\" data-id=\"https:\/\/www.soral.ch\/\" target=\"_blank\" rel=\"noreferrer noopener\">Commune de Soral<\/a>, de la <a href=\"https:\/\/www.plan-les-ouates.ch\/\" data-type=\"link\" data-id=\"https:\/\/www.plan-les-ouates.ch\/\" target=\"_blank\" rel=\"noreferrer noopener\">Commune de Plan-les-Ouates<\/a>, de la <a href=\"https:\/\/www.dardagny.ch\/\" data-type=\"link\" data-id=\"https:\/\/www.dardagny.ch\/\" target=\"_blank\" rel=\"noreferrer noopener\">Commune de Dardagny<\/a>.<br><br>Et avec notre partenaire m\u00e9dia <a href=\"https:\/\/www.terrenature.ch\/\" data-type=\"link\" data-id=\"https:\/\/www.terrenature.ch\/\" target=\"_blank\" rel=\"noreferrer noopener\">Terre&amp;Nature<\/a>.<\/p>\n\n\n\n<p><\/p>\n\n\n\n<p><strong>Suivez-nous sur les r\u00e9seaux sociaux!<\/strong><\/p>\n\n\n\n<p><strong>Instagram: <\/strong><a href=\"https:\/\/www.instagram.com\/festiterroir\/\" target=\"_blank\" rel=\"noopener noreferrer\"><strong>@festiterroir<\/strong><\/a><br><strong>Facebook:<\/strong> <a href=\"https:\/\/www.facebook.com\/nourrirGE\/\" target=\"_blank\" rel=\"noopener noreferrer\"><strong>\u201cNourrir la Ville\u201d<\/strong><\/a><br><strong>Contact: <\/strong> contact[at]festiterroir.ch<\/p>\n\n\n\n<p>Festi\u2019Terroir est un \u00e9v\u00e9nement qui r\u00e9pond \u00e0 plusieurs objectifs de la Strat\u00e9gie climat de la Ville de Gen\u00e8ve. Retrouvez toutes les mesures de cette Strat\u00e9gie sur: <a href=\"http:\/\/www.geneve.ch\/strategie-climat\" target=\"_blank\" rel=\"noopener noreferrer\">www.geneve.ch\/strategie-climat<\/a><\/p>\n\n\n\n<p><\/p>\n","protected":false},"excerpt":{"rendered":"<p>L\u2019\u00e9dition 2025 de Festi\u2019Terroir aura lieu du 29 au 31 ao\u00fbt dans le Parc des Bastions, \u00e0 Gen\u00e8ve.Retrouvez la richesse et la diversit\u00e9 du terroir genevois le temps d\u2019un week-end. Vendredi 29 ao\u00fbt17h\u201322h Samedi 30 ao\u00fbt10h\u201322h (march\u00e9 jusqu\u2019\u00e0 19h, restauration &amp; concerts jusqu\u2019\u00e0 22h) Dimanche&nbsp;&hellip;<\/p>\n","protected":false},"author":1,"featured_media":0,"parent":0,"menu_order":0,"comment_status":"closed","ping_status":"closed","template":"template-full.php","meta":{"_acf_changed":false,"pgc_sgb_lightbox_settings":"","footnotes":""},"class_list":["post-36","page","type-page","status-publish","hentry"],"acf":[],"_links":{"self":[{"href":"https:\/\/www.davidprego.ch\/festi\/wp-json\/wp\/v2\/pages\/36","targetHints":{"allow":["GET"]}}],"collection":[{"href":"https:\/\/www.davidprego.ch\/festi\/wp-json\/wp\/v2\/pages"}],"about":[{"href":"https:\/\/www.davidprego.ch\/festi\/wp-json\/wp\/v2\/types\/page"}],"author":[{"embeddable":true,"href":"https:\/\/www.davidprego.ch\/festi\/wp-json\/wp\/v2\/users\/1"}],"replies":[{"embeddable":true,"href":"https:\/\/www.davidprego.ch\/festi\/wp-json\/wp\/v2\/comments?post=36"}],"version-history":[{"count":225,"href":"https:\/\/www.davidprego.ch\/festi\/wp-json\/wp\/v2\/pages\/36\/revisions"}],"predecessor-version":[{"id":30728,"href":"https:\/\/www.davidprego.ch\/festi\/wp-json\/wp\/v2\/pages\/36\/revisions\/30728"}],"wp:attachment":[{"href":"https:\/\/www.davidprego.ch\/festi\/wp-json\/wp\/v2\/media?parent=36"}],"curies":[{"name":"wp","href":"https:\/\/api.w.org\/{rel}","templated":true}]}}